{"id":7,"date":"2014-10-27T14:24:20","date_gmt":"2014-10-27T16:24:20","guid":{"rendered":"https:\/\/www.cardoso.sp.gov.br\/site\/?page_id=7"},"modified":"2025-06-03T09:35:49","modified_gmt":"2025-06-03T12:35:49","slug":"a-cidade","status":"publish","type":"page","link":"https:\/\/www.cardoso.sp.gov.br\/site\/a-cidade\/","title":{"rendered":"Nossa Hist\u00f3ria"},"content":{"rendered":"\t\t<div data-elementor-type=\"wp-page\" data-elementor-id=\"7\" class=\"elementor elementor-7\" data-elementor-post-type=\"page\">\n\t\t\t\t\t\t<section class=\"elementor-section elementor-top-section elementor-element elementor-element-490945a7 elementor-section-boxed elementor-section-height-default elementor-section-height-default\" data-id=\"490945a7\" data-element_type=\"section\" data-e-type=\"section\">\n\t\t\t\t\t\t<div class=\"elementor-container elementor-column-gap-default\">\n\t\t\t\t\t<div class=\"elementor-column elementor-col-50 elementor-top-column elementor-element elementor-element-71a543e5\" data-id=\"71a543e5\" data-element_type=\"column\" data-e-type=\"column\">\n\t\t\t<div class=\"elementor-widget-wrap elementor-element-populated\">\n\t\t\t\t\t\t<div class=\"elementor-element elementor-element-dc3589e elementor-widget elementor-widget-sidebar\" data-id=\"dc3589e\" data-element_type=\"widget\" data-e-type=\"widget\" data-widget_type=\"sidebar.default\">\n\t\t\t\t<div class=\"elementor-widget-container\">\n\t\t\t\t\t<aside id=\"nav_menu-2\" class=\"widget widget_nav_menu\"><div class=\"menu-a-cidade-container\"><ul id=\"menu-a-cidade\" class=\"menu\"><li id=\"menu-item-16896\" class=\"menu-item menu-item-type-post_type menu-item-object-page menu-item-16896\"><a href=\"https:\/\/www.cardoso.sp.gov.br\/site\/a-cidade\/\">Nossa Hist\u00f3ria<\/a><\/li>\n<li id=\"menu-item-16898\" class=\"menu-item menu-item-type-post_type menu-item-object-page menu-item-16898\"><a href=\"https:\/\/www.cardoso.sp.gov.br\/site\/a-cidade\/prainha-municipal\/\">Prainha Municipal<\/a><\/li>\n<li id=\"menu-item-16900\" class=\"menu-item menu-item-type-post_type menu-item-object-page menu-item-16900\"><a href=\"https:\/\/www.cardoso.sp.gov.br\/site\/a-cidade\/lagoa\/\">Lagoa<\/a><\/li>\n<li id=\"menu-item-22016\" class=\"menu-item menu-item-type-post_type menu-item-object-page menu-item-22016\"><a href=\"https:\/\/www.cardoso.sp.gov.br\/site\/a-cidade\/cascata\/\">Cascata<\/a><\/li>\n<li id=\"menu-item-16901\" class=\"menu-item menu-item-type-post_type menu-item-object-page menu-item-16901\"><a href=\"https:\/\/www.cardoso.sp.gov.br\/site\/a-cidade\/recinto\/\">Recinto Municipal<\/a><\/li>\n<li id=\"menu-item-16899\" class=\"menu-item menu-item-type-post_type menu-item-object-page menu-item-16899\"><a href=\"https:\/\/www.cardoso.sp.gov.br\/site\/a-cidade\/estadio-municipal\/\">Est\u00e1dio Municipal<\/a><\/li>\n<li id=\"menu-item-16897\" class=\"menu-item menu-item-type-post_type menu-item-object-page menu-item-16897\"><a href=\"https:\/\/www.cardoso.sp.gov.br\/site\/a-cidade\/centro-social-urbano\/\">Centro Esportivo<\/a><\/li>\n<\/ul><\/div><\/aside>\t\t\t\t<\/div>\n\t\t\t\t<\/div>\n\t\t\t\t\t<\/div>\n\t\t<\/div>\n\t\t\t\t<div class=\"elementor-column elementor-col-50 elementor-top-column elementor-element elementor-element-0bc4c40\" data-id=\"0bc4c40\" data-element_type=\"column\" data-e-type=\"column\">\n\t\t\t<div class=\"elementor-widget-wrap elementor-element-populated\">\n\t\t\t\t\t\t<div class=\"elementor-element elementor-element-80bb8b5 elementor-widget elementor-widget-text-editor\" data-id=\"80bb8b5\" data-element_type=\"widget\" data-e-type=\"widget\" data-widget_type=\"text-editor.default\">\n\t\t\t\t<div class=\"elementor-widget-container\">\n\t\t\t\t\t\t\t\t\t<p>Cardoso surgiu como Vila a 20 de janeiro de 1937, fundada pelo saudoso cidad\u00e3o Joaquim Cardoso da Silva, bandeirante moderno, cheio de vis\u00e3o, conhecedor das reservas florestais da regi\u00e3o do Rio turvo, rumo ao Rio Grande, cont\u00edgua \u00e0 divisa de Minas Gerais e que viu as grandes vantagens que adviriam da forma\u00e7\u00e3o de um povoado.<\/p>\n<p>Patriotas, homens corajosos, para c\u00e1 vieram e iniciaram um n\u00facleo de civiliza\u00e7\u00e3o abrindo picadas e estradas \u00e0s margens do Rio Turvo. Dentre esses pioneiros \u00e9 justo lembrar, entre outros, os nomes de Jo\u00e3o Gon\u00e7alves do Nascimento, Manoel Ab\u00f3bora, Jer\u00f4nimo Monteiro,&nbsp;Milit\u00e3o&nbsp;Monteiro, Jos\u00e9 Campos Freire,&nbsp;Cap.&nbsp;Jos\u00e9 Tavares de Souza, Jos\u00e9 Sant\u2019Ana de Oliveira, Am\u00e2ncio Ribeiro Bai\u00e3o, Vicente Cardoso Filho, Antonio Fernandes&nbsp;Bilar, Jacinto Pereira Borges, Joaquim Cardoso da Silva. Este \u00faltimo uniu-se ao engenheiro Jos\u00e9 de Freitas Dantas e em poucos meses promoveram o levantamento da regi\u00e3o que ent\u00e3o era&nbsp;mata,&nbsp;muito mal aberta por picadas.<\/p>\n<p>O local da sede municipal foi previamente escolhido e seu tra\u00e7ado, com ruas largas e pra\u00e7as, foi demarcado na prancheta antes de tornar-se realidade.<\/p>\n<p>Em&nbsp;20 de janeiro de 1937&nbsp;era fundada a Vila e come\u00e7ou a ser aberto o sert\u00e3o repleto de terras f\u00e9rteis. Dotado assim de modernos recursos urban\u00edsticos, o povoado cresceu. Reconhecendo ent\u00e3o o progresso da vilazinha, o Dr. Fernando Costa, interventor federal do Estado&nbsp;de S\u00e3o Paulo promulgou o Decreto&nbsp;n\u00ba&nbsp;12.887, datado de 24 de agosto de 1942, que criou o Distrito de Paz de Cardoso, fazendo-o pertencer \u00e0 4\u00aa Circunscri\u00e7\u00e3o da ent\u00e3o Vila Monteiro, hoje \u00c1lvares&nbsp;Florence. Nessa \u00e9poca, Cardoso j\u00e1 contava com mais de 160 casas de tijolos, uma serraria e v\u00e1rios estabelecimentos comerciais e outras realiza\u00e7\u00f5es de relevante interesse social.<\/p>\n<p>Em 1948, pela Lei&nbsp;n\u00ba&nbsp;233, de 24 de dezembro, Cardoso se tornava politicamente emancipado tendo como seu primeiro prefeito o <strong>Sr. Epaminondas Jos\u00e9 de Andrade (in memoriam)<\/strong>, constituindo-se em novo munic\u00edpio paulista. Por\u00e9m os pioneiros que conseguiram plantar na selva bruta este novo n\u00facleo de progresso e viam com satisfa\u00e7\u00e3o que o seu trabalho era laureado por uma coroa de expressivo valor, sabiam que Cardoso ainda n\u00e3o atingira o est\u00e1gio superior na escala da administra\u00e7\u00e3o p\u00fablica que seria a comarca.<\/p>\n<p>E, para consegui-la ent\u00e3o lutaram muito. Promoveram o desenvolvimento do Munic\u00edpio em ritmo acelerado, criaram as condi\u00e7\u00f5es necess\u00e1rias para que a ascens\u00e3o de Cardoso \u00e0 categoria m\u00e1xima de comarca pudesse ser vi\u00e1vel.<\/p>\n<p>Essa uni\u00e3o de vontades, de esfor\u00e7os e de trabalhos alcan\u00e7aram&nbsp;um primeiro e importante resultado: o Governador do Estado, atrav\u00e9s da promulga\u00e7\u00e3o da Lei&nbsp;n\u00ba&nbsp;8.050, de dezembro de 1.963, criava a comarca de Cardoso. Era o come\u00e7o de uma grande vit\u00f3ria!<\/p>\n<p>Imediatamente foram adotadas as medidas necess\u00e1rias para a constru\u00e7\u00e3o do edif\u00edcio do F\u00f3rum bem como dos pr\u00e9dios residenciais que abrigariam as fam\u00edlias dos futuros magistrados. Finalmente o dia da instala\u00e7\u00e3o da comarca chegou \u2013&nbsp;29 de setembro de 1968. E o munic\u00edpio preparou as comemora\u00e7\u00f5es que se faziam&nbsp;precisas&nbsp;\u00e0 altura dos acontecimentos. Afinal era a san\u00e7\u00e3o p\u00fablica e oficial do atestado de maioridade da vilazinha perdida nas matas virgens das margens do Rio Turvo. Como comarca Cardoso abrange os munic\u00edpios de Mira Estrela e Pontes&nbsp;Gestal.<\/p>\n<p>Como munic\u00edpio prossegue no mesmo ritmo de progresso, crescendo demogr\u00e1fica, econ\u00f4mica e socialmente em todas as dire\u00e7\u00f5es e integrando-se perfeitamente no concerto geral dos munic\u00edpios paulistas, que fazem deste Estado a grande, rica e poderosa por\u00e7\u00e3o da na\u00e7\u00e3o brasileira.<\/p>\n<p><a href=\"https:\/\/www.cardoso.sp.gov.br\/site\/wp-content\/uploads\/2014\/10\/Foto-panoramica3.jpg\"><img fetchpriority=\"high\" decoding=\"async\" class=\"aligncenter wp-image-2089 size-full\" src=\"https:\/\/www.cardoso.sp.gov.br\/site\/wp-content\/uploads\/2014\/10\/Foto-panoramica3.jpg\" alt=\"Foto panoramica\" width=\"800\" height=\"393\" srcset=\"https:\/\/www.cardoso.sp.gov.br\/site\/wp-content\/uploads\/2014\/10\/Foto-panoramica3.jpg 800w, https:\/\/www.cardoso.sp.gov.br\/site\/wp-content\/uploads\/2014\/10\/Foto-panoramica3-768x377.jpg 768w, https:\/\/www.cardoso.sp.gov.br\/site\/wp-content\/uploads\/2014\/10\/Foto-panoramica3-500x246.jpg 500w, https:\/\/www.cardoso.sp.gov.br\/site\/wp-content\/uploads\/2014\/10\/Foto-panoramica3-300x147.jpg 300w\" sizes=\"(max-width:767px) 480px, (max-width:800px) 100vw, 800px\" \/><\/a><\/p>\n<p style=\"text-align: center;\"><strong>INFORMA\u00c7\u00d5ES RELEVANTES<\/strong><\/p>\n<p><strong>GENT\u00cdLICO:<\/strong> CARDOSENSE.<\/p>\n<p><strong>DATA DA FUNDA\u00c7\u00c3O E ANIVERS\u00c1RIO:<\/strong> 20 DE JANEIRO DE 1937.<\/p>\n<p><strong>EXTENS\u00c3O DO MUNIC\u00cdPIO:<\/strong> 637,57 km\u00b2 DE EXTENS\u00c3O.<\/p>\n<p><strong>ALTITUDE:<\/strong> 420 Metros, LONGITUDE: 49\u00ba &#8211; 9\u2019 W.GR e LATITUDE: 20\u00ba 1\u2019- Sul.<\/p>\n<p><strong>CLIMA:<\/strong> Tropical com Inverno Seco.<\/p>\n<p><strong>TOPOGRAFIA:<\/strong> Regi\u00e3o Plana sem acidentes geogr\u00e1ficos.<\/p>\n<p><strong>HIDROGRAFIA:<\/strong> Rio Marinheiro, Rio Turvo, Rio Grande.<\/p>\n<p><strong>COORDENADAS GEOGR\u00c1FICAS:<\/strong> EST\u00c1 SITUADO A NOROESTE DO ESTADO DE S\u00c3O PAULO.<\/p>\n<p><strong>N\u00daMERO DE HABITANTES:<\/strong>&nbsp;12.281<\/p>\n<p><strong>ECONOMIA:<\/strong> Agroneg\u00f3cios &#8211;&nbsp;Bovinocultura (mista e de corte)&nbsp;e Cana de a\u00e7\u00facar. Fonte: Secretaria de Agricultura e Abastecimento, CATI\/IEA, Projeto LUPA<\/p>\n<p><strong>TURISMO:<\/strong> DE PESCA, DE LAZER, DE EVENTOS,&nbsp;NAUTICO E DE SA\u00daDE (Cl\u00ednica de Olhos).<\/p>\n<p><strong>PONTOS TUR\u00cdSTICOS\/ LAZER E ENTRETENIMENTO:<\/strong><\/p>\n<ul>\n<li>Praia de \u00e1gua doce \u2013 Complexo Tur\u00edstico Leandro Trindade da Silveira<\/li>\n<li>Lagoa \u201cHygino Zampronha\u201d<\/li>\n<li>Cascata Charles Hyal<\/li>\n<li>Centro Social Urbano \u2013 CSU &#8220;Odilo Pereira Borges&#8221;<\/li>\n<li>Est\u00e1dio Municipal&nbsp;\u201cJos\u00e9 Romualdo Rosa\u201d<\/li>\n<li>Recinto Municipal \u201cJos\u00e9 Ferreira das Neves\u201d<\/li>\n<li>Bacuri<\/li>\n<li>Porto Milit\u00e3o e Rio Grande<\/li>\n<li>Ponte do Rio Marinheiro<\/li>\n<li>Ponte do Rio Turvo<\/li>\n<\/ul>\n<p><strong><strong>EVENTOS FESTIVOS DA CIDADE:<\/strong><\/strong><\/p>\n<ul>\n<li>Carnaval<\/li>\n<li>Anivers\u00e1rio da Cidade<\/li>\n<li>PesCardoso na Lagoa Hygino Zampronha<\/li>\n<li>Campeonato de Futebol Amador nos bairros da cidade<\/li>\n<li>Copa da Amizade Futebol de Sal\u00e3o no CSU<\/li>\n<li>Baile \u201cEscolha da Rainha da Festa do Pe\u00e3o\u201d<\/li>\n<li>Festa do Pe\u00e3o<\/li>\n<li>Encontro de Bandeiras de Santos Reis<\/li>\n<li>Show Gospel<\/li>\n<li>Comemora\u00e7\u00f5es de Fim de Ano (Shows na Pra\u00e7a Matriz)<\/li>\n<li>Show da Virada (Ano Novo na Lagoa Hygino Zampronha)<\/li>\n<\/ul>\n<p><strong>Curiosodade: <\/strong>Cardoso \u00e9 banhada pelos Rios Turvo, Grande e Marinheiro, e possui 4 loteamentos as margens dos rios totalizando mais de 1400 ranchos de aluguel e casas de veraneio.<\/p>\n<p>Venha conhecer este lugar encantado, cheio de verde e hospitalidade de sobra para te receber!<\/p>\t\t\t\t\t\t\t\t<\/div>\n\t\t\t\t<\/div>\n\t\t\t\t\t<\/div>\n\t\t<\/div>\n\t\t\t\t\t<\/div>\n\t\t<\/section>\n\t\t\t\t<\/div>\n\t\t<div class=\"gsp_post_data\" \r\n\t            data-post_type=\"page\" \r\n\t            data-cat=\"\" \r\n\t            data-modified=\"120\"\r\n\t            data-created=\"1414419860\"\r\n\t            data-title=\"Nossa Hist\u00f3ria\" \r\n\t            data-home=\"https:\/\/www.cardoso.sp.gov.br\/site\"><\/div>","protected":false},"excerpt":{"rendered":"<p>Cardoso surgiu como Vila a 20 de janeiro de 1937, fundada pelo saudoso cidad\u00e3o Joaquim Cardoso da Silva, bandeirante moderno, cheio de vis\u00e3o, conhecedor das reservas<span class=\"excerpt-hellip\"> [\u2026]<\/span><\/p>\n","protected":false},"author":1,"featured_media":0,"parent":0,"menu_order":4,"comment_status":"closed","ping_status":"closed","template":"","meta":{"footnotes":""},"class_list":["post-7","page","type-page","status-publish","hentry"],"_links":{"self":[{"href":"https:\/\/www.cardoso.sp.gov.br\/site\/wp-json\/wp\/v2\/pages\/7","targetHints":{"allow":["GET"]}}],"collection":[{"href":"https:\/\/www.cardoso.sp.gov.br\/site\/wp-json\/wp\/v2\/pages"}],"about":[{"href":"https:\/\/www.cardoso.sp.gov.br\/site\/wp-json\/wp\/v2\/types\/page"}],"author":[{"embeddable":true,"href":"https:\/\/www.cardoso.sp.gov.br\/site\/wp-json\/wp\/v2\/users\/1"}],"replies":[{"embeddable":true,"href":"https:\/\/www.cardoso.sp.gov.br\/site\/wp-json\/wp\/v2\/comments?post=7"}],"version-history":[{"count":4,"href":"https:\/\/www.cardoso.sp.gov.br\/site\/wp-json\/wp\/v2\/pages\/7\/revisions"}],"predecessor-version":[{"id":20954,"href":"https:\/\/www.cardoso.sp.gov.br\/site\/wp-json\/wp\/v2\/pages\/7\/revisions\/20954"}],"wp:attachment":[{"href":"https:\/\/www.cardoso.sp.gov.br\/site\/wp-json\/wp\/v2\/media?parent=7"}],"curies":[{"name":"wp","href":"https:\/\/api.w.org\/{rel}","templated":true}]}}