{"id":65,"date":"2014-10-27T14:54:34","date_gmt":"2014-10-27T16:54:34","guid":{"rendered":"https:\/\/www.cardoso.sp.gov.br\/site\/?page_id=65"},"modified":"2022-06-30T15:54:58","modified_gmt":"2022-06-30T18:54:58","slug":"saude","status":"publish","type":"page","link":"https:\/\/www.cardoso.sp.gov.br\/site\/setores-publicos\/saude\/","title":{"rendered":"Sa\u00fade"},"content":{"rendered":"\t\t<div data-elementor-type=\"wp-page\" data-elementor-id=\"65\" class=\"elementor elementor-65\" data-elementor-post-type=\"page\">\n\t\t\t\t\t\t<section class=\"elementor-section elementor-top-section elementor-element elementor-element-4c7bcb05 elementor-section-boxed elementor-section-height-default elementor-section-height-default\" data-id=\"4c7bcb05\" data-element_type=\"section\" data-e-type=\"section\">\n\t\t\t\t\t\t<div class=\"elementor-container elementor-column-gap-default\">\n\t\t\t\t\t<div class=\"elementor-column elementor-col-50 elementor-top-column elementor-element elementor-element-daca5a3\" data-id=\"daca5a3\" data-element_type=\"column\" data-e-type=\"column\">\n\t\t\t<div class=\"elementor-widget-wrap elementor-element-populated\">\n\t\t\t\t\t\t<div class=\"elementor-element elementor-element-d08e1af elementor-widget elementor-widget-sidebar\" data-id=\"d08e1af\" data-element_type=\"widget\" data-e-type=\"widget\" data-widget_type=\"sidebar.default\">\n\t\t\t\t<div class=\"elementor-widget-container\">\n\t\t\t\t\t<aside id=\"nav_menu-3\" class=\"widget widget_nav_menu\"><div class=\"menu-setores-publicos-container\"><ul id=\"menu-setores-publicos\" class=\"menu\"><li id=\"menu-item-17088\" class=\"menu-item menu-item-type-post_type menu-item-object-page menu-item-17088\"><a href=\"https:\/\/www.cardoso.sp.gov.br\/site\/setores-publicos\/saude\/\">Sa\u00fade<\/a><\/li>\n<li id=\"menu-item-17084\" class=\"menu-item menu-item-type-post_type menu-item-object-page menu-item-17084\"><a href=\"https:\/\/www.cardoso.sp.gov.br\/site\/setores-publicos\/educacao-e-cultura\/\">Educa\u00e7\u00e3o e Cultura<\/a><\/li>\n<li id=\"menu-item-17085\" class=\"menu-item menu-item-type-post_type menu-item-object-page menu-item-17085\"><a href=\"https:\/\/www.cardoso.sp.gov.br\/site\/setores-publicos\/esporte\/\">Esporte<\/a><\/li>\n<li id=\"menu-item-17089\" class=\"menu-item menu-item-type-post_type menu-item-object-page menu-item-17089\"><a href=\"https:\/\/www.cardoso.sp.gov.br\/site\/setores-publicos\/social\/\">Social<\/a><\/li>\n<li id=\"menu-item-17086\" class=\"menu-item menu-item-type-post_type menu-item-object-page menu-item-17086\"><a href=\"https:\/\/www.cardoso.sp.gov.br\/site\/setores-publicos\/meio-ambiente\/\">Meio Ambiente<\/a><\/li>\n<li id=\"menu-item-17087\" class=\"menu-item menu-item-type-post_type menu-item-object-page menu-item-17087\"><a href=\"https:\/\/www.cardoso.sp.gov.br\/site\/setores-publicos\/obras-e-servicos\/\">Obras e Servi\u00e7os<\/a><\/li>\n<\/ul><\/div><\/aside>\t\t\t\t<\/div>\n\t\t\t\t<\/div>\n\t\t\t\t\t<\/div>\n\t\t<\/div>\n\t\t\t\t<div class=\"elementor-column elementor-col-50 elementor-top-column elementor-element elementor-element-6cdb669\" data-id=\"6cdb669\" data-element_type=\"column\" data-e-type=\"column\">\n\t\t\t<div class=\"elementor-widget-wrap elementor-element-populated\">\n\t\t\t\t\t\t<div class=\"elementor-element elementor-element-983c505 elementor-widget elementor-widget-text-editor\" data-id=\"983c505\" data-element_type=\"widget\" data-e-type=\"widget\" data-widget_type=\"text-editor.default\">\n\t\t\t\t<div class=\"elementor-widget-container\">\n\t\t\t\t\t\t\t\t\t<p>Oferecer uma rede de atendimento b\u00e1sico \u00e0 sa\u00fade com qualidade e dignidade a todos. \u00c9 para isso que a Prefeitura de Cardoso, por meio da Secretaria Municipal de Sa\u00fade, tem trabalhado.<\/p>\n<p>Al\u00e9m de avaliar e reformular a estrutura de atendimento para atender antigas reivindica\u00e7\u00f5es da popula\u00e7\u00e3o, a Secretaria continua empenhada em garantir acesso \u00e0s consultas, medicamentos e garantir um ambiente de trabalho adequado para seus profissionais, o que reflete na melhoria do atendimento a toda popula\u00e7\u00e3o.<\/p>\n<p>Entre as medidas adotadas pela atual gest\u00e3o, estiveram reformas e amplia\u00e7\u00f5es de postos de sa\u00fade e a readequa\u00e7\u00e3o do Pronto Socorro junto \u00e0 Santa Casa de Cardoso.<\/p>\n<p>Alguns investimentos que est\u00e3o sendo feitos pela Prefeitura, com o apoio dos Governos Federal e Estadual, na rede de sa\u00fade:<\/p>\n<p>Amplia\u00e7\u00e3o do pr\u00e9dio da ESF (Estrat\u00e9gia de Sa\u00fade da Fam\u00edlia)<br>\nAmplia\u00e7\u00e3o do pr\u00e9dio da ESF Vila Alves<br>\nAmplia\u00e7\u00e3o do pr\u00e9dio da ESF S\u00e3o Jo\u00e3o do Marinheiro<br>\nImplanta\u00e7\u00e3o da academia de sa\u00fade<br>\nConstru\u00e7\u00e3o da UBS Santos Reis<\/p>\t\t\t\t\t\t\t\t<\/div>\n\t\t\t\t<\/div>\n\t\t\t\t\t<\/div>\n\t\t<\/div>\n\t\t\t\t\t<\/div>\n\t\t<\/section>\n\t\t\t\t<\/div>\n\t\t<div class=\"gsp_post_data\" \r\n\t            data-post_type=\"page\" \r\n\t            data-cat=\"\" \r\n\t            data-modified=\"120\"\r\n\t            data-created=\"1414421674\"\r\n\t            data-title=\"Sa\u00fade\" \r\n\t            data-home=\"https:\/\/www.cardoso.sp.gov.br\/site\"><\/div>","protected":false},"excerpt":{"rendered":"<p>Oferecer uma rede de atendimento b\u00e1sico \u00e0 sa\u00fade com qualidade e dignidade a todos. \u00c9 para isso que a Prefeitura de Cardoso, por meio da Secretaria<span class=\"excerpt-hellip\"> [\u2026]<\/span><\/p>\n","protected":false},"author":1,"featured_media":1814,"parent":62,"menu_order":0,"comment_status":"closed","ping_status":"closed","template":"","meta":{"footnotes":""},"class_list":["post-65","page","type-page","status-publish","has-post-thumbnail","hentry"],"_links":{"self":[{"href":"https:\/\/www.cardoso.sp.gov.br\/site\/wp-json\/wp\/v2\/pages\/65","targetHints":{"allow":["GET"]}}],"collection":[{"href":"https:\/\/www.cardoso.sp.gov.br\/site\/wp-json\/wp\/v2\/pages"}],"about":[{"href":"https:\/\/www.cardoso.sp.gov.br\/site\/wp-json\/wp\/v2\/types\/page"}],"author":[{"embeddable":true,"href":"https:\/\/www.cardoso.sp.gov.br\/site\/wp-json\/wp\/v2\/users\/1"}],"replies":[{"embeddable":true,"href":"https:\/\/www.cardoso.sp.gov.br\/site\/wp-json\/wp\/v2\/comments?post=65"}],"version-history":[{"count":0,"href":"https:\/\/www.cardoso.sp.gov.br\/site\/wp-json\/wp\/v2\/pages\/65\/revisions"}],"up":[{"embeddable":true,"href":"https:\/\/www.cardoso.sp.gov.br\/site\/wp-json\/wp\/v2\/pages\/62"}],"wp:featuredmedia":[{"embeddable":true,"href":"https:\/\/www.cardoso.sp.gov.br\/site\/wp-json\/wp\/v2\/media\/1814"}],"wp:attachment":[{"href":"https:\/\/www.cardoso.sp.gov.br\/site\/wp-json\/wp\/v2\/media?parent=65"}],"curies":[{"name":"wp","href":"https:\/\/api.w.org\/{rel}","templated":true}]}}