{"id":4151,"date":"2017-02-10T14:00:28","date_gmt":"2017-02-10T16:00:28","guid":{"rendered":"https:\/\/www.cardoso.sp.gov.br\/site\/?page_id=4151"},"modified":"2022-06-30T15:57:39","modified_gmt":"2022-06-30T18:57:39","slug":"sistemas-de-comunicacao","status":"publish","type":"page","link":"https:\/\/www.cardoso.sp.gov.br\/site\/sistemas-de-comunicacao\/","title":{"rendered":"Sistemas de Comunica\u00e7\u00e3o"},"content":{"rendered":"\t\t<div data-elementor-type=\"wp-page\" data-elementor-id=\"4151\" class=\"elementor elementor-4151\" data-elementor-post-type=\"page\">\n\t\t\t\t\t\t<section class=\"elementor-section elementor-top-section elementor-element elementor-element-28e646a9 elementor-section-boxed elementor-section-height-default elementor-section-height-default\" data-id=\"28e646a9\" data-element_type=\"section\" data-e-type=\"section\">\n\t\t\t\t\t\t<div class=\"elementor-container elementor-column-gap-default\">\n\t\t\t\t\t<div class=\"elementor-column elementor-col-100 elementor-top-column elementor-element elementor-element-43e4c219\" data-id=\"43e4c219\" data-element_type=\"column\" data-e-type=\"column\">\n\t\t\t<div class=\"elementor-widget-wrap elementor-element-populated\">\n\t\t\t\t\t\t<div class=\"elementor-element elementor-element-1a366424 elementor-widget elementor-widget-text-editor\" data-id=\"1a366424\" data-element_type=\"widget\" data-e-type=\"widget\" data-widget_type=\"text-editor.default\">\n\t\t\t\t<div class=\"elementor-widget-container\">\n\t\t\t\t\t\t\t\t\t<p>..:: CLIQUE SOBRE A IMAGEM PARA AMPLIAR ::..<\/p><p>\n\t\t\t<style type='text\/css'>\n\t\t\t\t#sc_gallery-1 {\n\t\t\t\t\tmargin: auto;\n\t\t\t\t}\n\t\t\t\t#sc_gallery-1 .gallery-item {\n\t\t\t\t\tfloat: left;\n\t\t\t\t\ttext-align: center;\n\t\t\t\t\twidth: 33.33%;\n\t\t\t\t}\n\t\t\t\t#sc_gallery-1 img {\n\t\t\t\t\tborder: 2px solid #cfcfcf;\n\t\t\t\t}\n\t\t\t\t\/* see sc_gallery() in functions\/theme-shortcodes.php *\/\n\t\t\t<\/style>\n\t\t<div id='sc_gallery-1' class='gallery galleryid-4151 gallery-columns-3 gallery-size-thumbnail file element_classes gallery-default'><dl class='gallery-item'  data-title='Cidade Fm (c\u00f3pia)' data-description=''><div class='gallery-item-wrapper'>\n\t\t\t\t<dt class='gallery-icon portrait'>\n\t\t\t\t\t<a href='https:\/\/www.cardoso.sp.gov.br\/site\/wp-content\/uploads\/2017\/02\/CIDADE-FM-C\u00f3pia.jpg'><img decoding=\"async\" width=\"200\" height=\"200\" src=\"https:\/\/www.cardoso.sp.gov.br\/site\/wp-content\/uploads\/2017\/02\/CIDADE-FM-C\u00f3pia-200x200.jpg\" class=\"attachment-thumbnail size-thumbnail\" alt=\"\" \/><\/a>\n\t\t\t\t<\/dt><\/div><\/dl><dl class='gallery-item'  data-title='Grandes Lagos Fm (c\u00f3pia)' data-description=''><div class='gallery-item-wrapper'>\n\t\t\t\t<dt class='gallery-icon portrait'>\n\t\t\t\t\t<a href='https:\/\/www.cardoso.sp.gov.br\/site\/wp-content\/uploads\/2017\/02\/GRANDES-LAGOS-FM-C\u00f3pia.jpg'><img decoding=\"async\" width=\"200\" height=\"200\" src=\"https:\/\/www.cardoso.sp.gov.br\/site\/wp-content\/uploads\/2017\/02\/GRANDES-LAGOS-FM-C\u00f3pia-200x200.jpg\" class=\"attachment-thumbnail size-thumbnail\" alt=\"\" \/><\/a>\n\t\t\t\t<\/dt><\/div><\/dl><dl class='gallery-item'  data-title='Radio Alvorada (c\u00f3pia)' data-description=''><div class='gallery-item-wrapper'>\n\t\t\t\t<dt class='gallery-icon portrait'>\n\t\t\t\t\t<a href='https:\/\/www.cardoso.sp.gov.br\/site\/wp-content\/uploads\/2017\/02\/RADIO-ALVORADA-C\u00f3pia.jpg'><img decoding=\"async\" width=\"200\" height=\"200\" src=\"https:\/\/www.cardoso.sp.gov.br\/site\/wp-content\/uploads\/2017\/02\/RADIO-ALVORADA-C\u00f3pia-200x200.jpg\" class=\"attachment-thumbnail size-thumbnail\" alt=\"\" \/><\/a>\n\t\t\t\t<\/dt><\/div><\/dl><br style=\"clear: both\" \/>\n\t\t\t<\/div>\n<\/p><p>Escolha sua r\u00e1dio e ou\u00e7a ao vivo pela internet<\/p><p><a href=\"http:\/\/www.cidade88fm.com.br\/\">R\u00e1dio Cidade FM<\/a>\u00a0 \u00a0\/ \u00a0\u00a0<a href=\"http:\/\/www.radiograndeslagosfm.com.br\/\">R\u00e1dio Grandes Lagos FM<\/a>\u00a0 \u00a0\/ \u00a0\u00a0<a href=\"http:\/\/www.radioalvoradacardoso.com.br\/\">R\u00e1dio Alvorada (Transam\u00e9rica)<\/a><\/p><p><a href=\"https:\/\/www.cardoso.sp.gov.br\/site\/guia-de-viagem\">&lt;&lt; Voltar ao Guia de Viagem<\/a><\/p>\t\t\t\t\t\t\t\t<\/div>\n\t\t\t\t<\/div>\n\t\t\t\t\t<\/div>\n\t\t<\/div>\n\t\t\t\t\t<\/div>\n\t\t<\/section>\n\t\t\t\t<\/div>\n\t\t<div class=\"gsp_post_data\" \r\n\t            data-post_type=\"page\" \r\n\t            data-cat=\"\" \r\n\t            data-modified=\"120\"\r\n\t            data-created=\"1486735228\"\r\n\t            data-title=\"Sistemas de Comunica\u00e7\u00e3o\" \r\n\t            data-home=\"https:\/\/www.cardoso.sp.gov.br\/site\"><\/div>","protected":false},"excerpt":{"rendered":"<p>..:: CLIQUE SOBRE A IMAGEM PARA AMPLIAR ::.. Escolha sua r\u00e1dio e ou\u00e7a ao vivo pela internet R\u00e1dio Cidade FM&nbsp; &nbsp;\/ &nbsp;&nbsp;R\u00e1dio Grandes Lagos FM&nbsp; &nbsp;\/<span class=\"excerpt-hellip\"> [\u2026]<\/span><\/p>\n","protected":false},"author":2,"featured_media":0,"parent":0,"menu_order":0,"comment_status":"closed","ping_status":"closed","template":"","meta":{"footnotes":""},"class_list":["post-4151","page","type-page","status-publish","hentry"],"_links":{"self":[{"href":"https:\/\/www.cardoso.sp.gov.br\/site\/wp-json\/wp\/v2\/pages\/4151","targetHints":{"allow":["GET"]}}],"collection":[{"href":"https:\/\/www.cardoso.sp.gov.br\/site\/wp-json\/wp\/v2\/pages"}],"about":[{"href":"https:\/\/www.cardoso.sp.gov.br\/site\/wp-json\/wp\/v2\/types\/page"}],"author":[{"embeddable":true,"href":"https:\/\/www.cardoso.sp.gov.br\/site\/wp-json\/wp\/v2\/users\/2"}],"replies":[{"embeddable":true,"href":"https:\/\/www.cardoso.sp.gov.br\/site\/wp-json\/wp\/v2\/comments?post=4151"}],"version-history":[{"count":0,"href":"https:\/\/www.cardoso.sp.gov.br\/site\/wp-json\/wp\/v2\/pages\/4151\/revisions"}],"wp:attachment":[{"href":"https:\/\/www.cardoso.sp.gov.br\/site\/wp-json\/wp\/v2\/media?parent=4151"}],"curies":[{"name":"wp","href":"https:\/\/api.w.org\/{rel}","templated":true}]}}