{"id":17024,"date":"2022-06-30T14:55:31","date_gmt":"2022-06-30T17:55:31","guid":{"rendered":"https:\/\/www.cardoso.sp.gov.br\/site\/?page_id=17024"},"modified":"2022-06-30T15:08:10","modified_gmt":"2022-06-30T18:08:10","slug":"noticias","status":"publish","type":"page","link":"https:\/\/www.cardoso.sp.gov.br\/site\/noticias\/","title":{"rendered":"Not\u00edcias"},"content":{"rendered":"\t\t<div data-elementor-type=\"wp-page\" data-elementor-id=\"17024\" class=\"elementor elementor-17024\" data-elementor-post-type=\"page\">\n\t\t\t\t\t\t<section class=\"elementor-section elementor-top-section elementor-element elementor-element-4754f7b elementor-section-stretched elementor-section-boxed elementor-section-height-default elementor-section-height-default\" data-id=\"4754f7b\" data-element_type=\"section\" data-e-type=\"section\" data-settings=\"{&quot;stretch_section&quot;:&quot;section-stretched&quot;}\">\n\t\t\t\t\t\t<div class=\"elementor-container elementor-column-gap-wider\">\n\t\t\t\t\t<div class=\"elementor-column elementor-col-100 elementor-top-column elementor-element elementor-element-4f02921\" data-id=\"4f02921\" data-element_type=\"column\" data-e-type=\"column\">\n\t\t\t<div class=\"elementor-widget-wrap elementor-element-populated\">\n\t\t\t\t\t\t<div class=\"elementor-element elementor-element-86b51ae elementor-grid-4 elementor-posts__hover-none elementor-grid-tablet-2 elementor-grid-mobile-1 elementor-posts--thumbnail-top elementor-widget elementor-widget-posts\" data-id=\"86b51ae\" data-element_type=\"widget\" data-e-type=\"widget\" data-settings=\"{&quot;cards_columns&quot;:&quot;4&quot;,&quot;cards_row_gap&quot;:{&quot;unit&quot;:&quot;px&quot;,&quot;size&quot;:30,&quot;sizes&quot;:[]},&quot;pagination_type&quot;:&quot;numbers_and_prev_next&quot;,&quot;cards_columns_tablet&quot;:&quot;2&quot;,&quot;cards_columns_mobile&quot;:&quot;1&quot;,&quot;cards_row_gap_tablet&quot;:{&quot;unit&quot;:&quot;px&quot;,&quot;size&quot;:&quot;&quot;,&quot;sizes&quot;:[]},&quot;cards_row_gap_mobile&quot;:{&quot;unit&quot;:&quot;px&quot;,&quot;size&quot;:&quot;&quot;,&quot;sizes&quot;:[]}}\" data-widget_type=\"posts.cards\">\n\t\t\t\t<div class=\"elementor-widget-container\">\n\t\t\t\t\t\t\t<div class=\"elementor-posts-container elementor-posts elementor-posts--skin-cards elementor-grid\" role=\"list\">\n\t\t\t\t<article class=\"elementor-post elementor-grid-item post-23101 noticia type-noticia status-publish format-standard has-post-thumbnail hentry categoria-destaque evidencia-home\" role=\"listitem\">\n\t\t\t<div class=\"elementor-post__card\">\n\t\t\t\t<a class=\"elementor-post__thumbnail__link\" href=\"https:\/\/www.cardoso.sp.gov.br\/site\/noticia\/shows-em-comemoracao-dia-das-maes\/\" tabindex=\"-1\" ><div class=\"elementor-post__thumbnail\"><img fetchpriority=\"high\" decoding=\"async\" width=\"819\" height=\"1024\" src=\"https:\/\/www.cardoso.sp.gov.br\/site\/wp-content\/uploads\/2026\/04\/WhatsApp-Image-2026-04-18-at-10.20.06-819x1024.jpeg\" class=\"attachment-large size-large wp-image-23102\" alt=\"\" srcset=\"https:\/\/www.cardoso.sp.gov.br\/site\/wp-content\/uploads\/2026\/04\/WhatsApp-Image-2026-04-18-at-10.20.06-819x1024.jpeg 819w, https:\/\/www.cardoso.sp.gov.br\/site\/wp-content\/uploads\/2026\/04\/WhatsApp-Image-2026-04-18-at-10.20.06-400x500.jpeg 400w, https:\/\/www.cardoso.sp.gov.br\/site\/wp-content\/uploads\/2026\/04\/WhatsApp-Image-2026-04-18-at-10.20.06-768x960.jpeg 768w, https:\/\/www.cardoso.sp.gov.br\/site\/wp-content\/uploads\/2026\/04\/WhatsApp-Image-2026-04-18-at-10.20.06-60x75.jpeg 60w, https:\/\/www.cardoso.sp.gov.br\/site\/wp-content\/uploads\/2026\/04\/WhatsApp-Image-2026-04-18-at-10.20.06-480x600.jpeg 480w, https:\/\/www.cardoso.sp.gov.br\/site\/wp-content\/uploads\/2026\/04\/WhatsApp-Image-2026-04-18-at-10.20.06.jpeg 1080w\" sizes=\"(max-width:767px) 480px, (max-width:819px) 100vw, 819px\" \/><\/div><\/a>\n\t\t\t\t<div class=\"elementor-post__text\">\n\t\t\t\t<h6 class=\"elementor-post__title\">\n\t\t\t<a href=\"https:\/\/www.cardoso.sp.gov.br\/site\/noticia\/shows-em-comemoracao-dia-das-maes\/\" >\n\t\t\t\tSHOWS EM COMEMORA\u00c7\u00c3O DIA DAS M\u00c3ES\t\t\t<\/a>\n\t\t<\/h6>\n\t\t\t\t<\/div>\n\t\t\t\t\t<\/div>\n\t\t<\/article>\n\t\t\t\t<article class=\"elementor-post elementor-grid-item post-23044 noticia type-noticia status-publish format-standard has-post-thumbnail hentry categoria-destaque evidencia-home\" role=\"listitem\">\n\t\t\t<div class=\"elementor-post__card\">\n\t\t\t\t<a class=\"elementor-post__thumbnail__link\" href=\"https:\/\/www.cardoso.sp.gov.br\/site\/noticia\/inovacao-na-pratica-educacao-de-cardoso-renova-laboratorios-de-informatica-apos-16-anos\/\" tabindex=\"-1\" ><div class=\"elementor-post__thumbnail\"><img decoding=\"async\" width=\"1024\" height=\"577\" src=\"https:\/\/www.cardoso.sp.gov.br\/site\/wp-content\/uploads\/2026\/04\/WhatsApp-Image-2026-04-10-at-11.10.27-1024x577.jpeg\" class=\"attachment-large size-large wp-image-23045\" alt=\"\" srcset=\"https:\/\/www.cardoso.sp.gov.br\/site\/wp-content\/uploads\/2026\/04\/WhatsApp-Image-2026-04-10-at-11.10.27-1024x577.jpeg 1024w, https:\/\/www.cardoso.sp.gov.br\/site\/wp-content\/uploads\/2026\/04\/WhatsApp-Image-2026-04-10-at-11.10.27-500x282.jpeg 500w, https:\/\/www.cardoso.sp.gov.br\/site\/wp-content\/uploads\/2026\/04\/WhatsApp-Image-2026-04-10-at-11.10.27-768x433.jpeg 768w, https:\/\/www.cardoso.sp.gov.br\/site\/wp-content\/uploads\/2026\/04\/WhatsApp-Image-2026-04-10-at-11.10.27-133x75.jpeg 133w, https:\/\/www.cardoso.sp.gov.br\/site\/wp-content\/uploads\/2026\/04\/WhatsApp-Image-2026-04-10-at-11.10.27-1200x675.jpeg 1200w, https:\/\/www.cardoso.sp.gov.br\/site\/wp-content\/uploads\/2026\/04\/WhatsApp-Image-2026-04-10-at-11.10.27-480x270.jpeg 480w, https:\/\/www.cardoso.sp.gov.br\/site\/wp-content\/uploads\/2026\/04\/WhatsApp-Image-2026-04-10-at-11.10.27.jpeg 1280w\" sizes=\"(max-width:767px) 480px, (max-width:1024px) 100vw, 1024px\" \/><\/div><\/a>\n\t\t\t\t<div class=\"elementor-post__text\">\n\t\t\t\t<h6 class=\"elementor-post__title\">\n\t\t\t<a href=\"https:\/\/www.cardoso.sp.gov.br\/site\/noticia\/inovacao-na-pratica-educacao-de-cardoso-renova-laboratorios-de-informatica-apos-16-anos\/\" >\n\t\t\t\tInova\u00e7\u00e3o na Pr\u00e1tica: Educa\u00e7\u00e3o de Cardoso renova laborat\u00f3rios de inform\u00e1tica ap\u00f3s 16 anos!\t\t\t<\/a>\n\t\t<\/h6>\n\t\t\t\t<\/div>\n\t\t\t\t\t<\/div>\n\t\t<\/article>\n\t\t\t\t<article class=\"elementor-post elementor-grid-item post-23041 noticia type-noticia status-publish format-standard has-post-thumbnail hentry categoria-destaque evidencia-home\" role=\"listitem\">\n\t\t\t<div class=\"elementor-post__card\">\n\t\t\t\t<a class=\"elementor-post__thumbnail__link\" href=\"https:\/\/www.cardoso.sp.gov.br\/site\/noticia\/mais-saude-e-qualidade-de-vida-para-todos\/\" tabindex=\"-1\" ><div class=\"elementor-post__thumbnail\"><img decoding=\"async\" width=\"1024\" height=\"748\" src=\"https:\/\/www.cardoso.sp.gov.br\/site\/wp-content\/uploads\/2026\/04\/cardoso-adm-48-1024x748.jpg\" class=\"attachment-large size-large wp-image-23042\" alt=\"\" srcset=\"https:\/\/www.cardoso.sp.gov.br\/site\/wp-content\/uploads\/2026\/04\/cardoso-adm-48-1024x748.jpg 1024w, https:\/\/www.cardoso.sp.gov.br\/site\/wp-content\/uploads\/2026\/04\/cardoso-adm-48-500x365.jpg 500w, https:\/\/www.cardoso.sp.gov.br\/site\/wp-content\/uploads\/2026\/04\/cardoso-adm-48-768x561.jpg 768w, https:\/\/www.cardoso.sp.gov.br\/site\/wp-content\/uploads\/2026\/04\/cardoso-adm-48-103x75.jpg 103w, https:\/\/www.cardoso.sp.gov.br\/site\/wp-content\/uploads\/2026\/04\/cardoso-adm-48-480x351.jpg 480w, https:\/\/www.cardoso.sp.gov.br\/site\/wp-content\/uploads\/2026\/04\/cardoso-adm-48.jpg 1080w\" sizes=\"(max-width:767px) 480px, (max-width:1024px) 100vw, 1024px\" \/><\/div><\/a>\n\t\t\t\t<div class=\"elementor-post__text\">\n\t\t\t\t<h6 class=\"elementor-post__title\">\n\t\t\t<a href=\"https:\/\/www.cardoso.sp.gov.br\/site\/noticia\/mais-saude-e-qualidade-de-vida-para-todos\/\" >\n\t\t\t\tMais sa\u00fade e qualidade de vida para todos!\t\t\t<\/a>\n\t\t<\/h6>\n\t\t\t\t<\/div>\n\t\t\t\t\t<\/div>\n\t\t<\/article>\n\t\t\t\t<article class=\"elementor-post elementor-grid-item post-23038 noticia type-noticia status-publish format-standard has-post-thumbnail hentry categoria-destaque evidencia-home\" role=\"listitem\">\n\t\t\t<div class=\"elementor-post__card\">\n\t\t\t\t<a class=\"elementor-post__thumbnail__link\" href=\"https:\/\/www.cardoso.sp.gov.br\/site\/noticia\/nosso-centro-integrado-multidisciplinar-cim-se-encheu-de-dialogo-e-empatia\/\" tabindex=\"-1\" ><div class=\"elementor-post__thumbnail\"><img loading=\"lazy\" decoding=\"async\" width=\"1024\" height=\"768\" src=\"https:\/\/www.cardoso.sp.gov.br\/site\/wp-content\/uploads\/2026\/04\/WhatsApp-Image-2026-04-15-at-08.05.04-1024x768.jpeg\" class=\"attachment-large size-large wp-image-23039\" alt=\"\" srcset=\"https:\/\/www.cardoso.sp.gov.br\/site\/wp-content\/uploads\/2026\/04\/WhatsApp-Image-2026-04-15-at-08.05.04-1024x768.jpeg 1024w, https:\/\/www.cardoso.sp.gov.br\/site\/wp-content\/uploads\/2026\/04\/WhatsApp-Image-2026-04-15-at-08.05.04-500x375.jpeg 500w, https:\/\/www.cardoso.sp.gov.br\/site\/wp-content\/uploads\/2026\/04\/WhatsApp-Image-2026-04-15-at-08.05.04-768x576.jpeg 768w, https:\/\/www.cardoso.sp.gov.br\/site\/wp-content\/uploads\/2026\/04\/WhatsApp-Image-2026-04-15-at-08.05.04-100x75.jpeg 100w, https:\/\/www.cardoso.sp.gov.br\/site\/wp-content\/uploads\/2026\/04\/WhatsApp-Image-2026-04-15-at-08.05.04-960x720.jpeg 960w, https:\/\/www.cardoso.sp.gov.br\/site\/wp-content\/uploads\/2026\/04\/WhatsApp-Image-2026-04-15-at-08.05.04-480x360.jpeg 480w, https:\/\/www.cardoso.sp.gov.br\/site\/wp-content\/uploads\/2026\/04\/WhatsApp-Image-2026-04-15-at-08.05.04.jpeg 1280w\" sizes=\"(max-width:767px) 480px, (max-width:1024px) 100vw, 1024px\" \/><\/div><\/a>\n\t\t\t\t<div class=\"elementor-post__text\">\n\t\t\t\t<h6 class=\"elementor-post__title\">\n\t\t\t<a href=\"https:\/\/www.cardoso.sp.gov.br\/site\/noticia\/nosso-centro-integrado-multidisciplinar-cim-se-encheu-de-dialogo-e-empatia\/\" >\n\t\t\t\tNosso Centro Integrado Multidisciplinar (CIM) se encheu de di\u00e1logo e empatia\t\t\t<\/a>\n\t\t<\/h6>\n\t\t\t\t<\/div>\n\t\t\t\t\t<\/div>\n\t\t<\/article>\n\t\t\t\t<article class=\"elementor-post elementor-grid-item post-23034 noticia type-noticia status-publish format-standard has-post-thumbnail hentry categoria-destaque evidencia-home\" role=\"listitem\">\n\t\t\t<div class=\"elementor-post__card\">\n\t\t\t\t<a class=\"elementor-post__thumbnail__link\" href=\"https:\/\/www.cardoso.sp.gov.br\/site\/noticia\/secretaria-de-saude-de-cardoso-em-acao-inovacao-e-cuidado-no-combate-a-dengue\/\" tabindex=\"-1\" ><div class=\"elementor-post__thumbnail\"><img loading=\"lazy\" decoding=\"async\" width=\"576\" height=\"1024\" src=\"https:\/\/www.cardoso.sp.gov.br\/site\/wp-content\/uploads\/2026\/04\/WhatsApp-Image-2026-04-15-at-08.04.07-576x1024.jpeg\" class=\"attachment-large size-large wp-image-23036\" alt=\"\" srcset=\"https:\/\/www.cardoso.sp.gov.br\/site\/wp-content\/uploads\/2026\/04\/WhatsApp-Image-2026-04-15-at-08.04.07-576x1024.jpeg 576w, https:\/\/www.cardoso.sp.gov.br\/site\/wp-content\/uploads\/2026\/04\/WhatsApp-Image-2026-04-15-at-08.04.07-281x500.jpeg 281w, https:\/\/www.cardoso.sp.gov.br\/site\/wp-content\/uploads\/2026\/04\/WhatsApp-Image-2026-04-15-at-08.04.07-42x75.jpeg 42w, https:\/\/www.cardoso.sp.gov.br\/site\/wp-content\/uploads\/2026\/04\/WhatsApp-Image-2026-04-15-at-08.04.07-480x853.jpeg 480w, https:\/\/www.cardoso.sp.gov.br\/site\/wp-content\/uploads\/2026\/04\/WhatsApp-Image-2026-04-15-at-08.04.07.jpeg 720w\" sizes=\"(max-width:767px) 480px, 576px\" \/><\/div><\/a>\n\t\t\t\t<div class=\"elementor-post__text\">\n\t\t\t\t<h6 class=\"elementor-post__title\">\n\t\t\t<a href=\"https:\/\/www.cardoso.sp.gov.br\/site\/noticia\/secretaria-de-saude-de-cardoso-em-acao-inovacao-e-cuidado-no-combate-a-dengue\/\" >\n\t\t\t\tSecretaria de Sa\u00fade de Cardoso em A\u00e7\u00e3o: Inova\u00e7\u00e3o e Cuidado no Combate \u00e0 Dengue!\t\t\t<\/a>\n\t\t<\/h6>\n\t\t\t\t<\/div>\n\t\t\t\t\t<\/div>\n\t\t<\/article>\n\t\t\t\t<article class=\"elementor-post elementor-grid-item post-23003 noticia type-noticia status-publish format-standard has-post-thumbnail hentry categoria-destaque evidencia-home\" role=\"listitem\">\n\t\t\t<div class=\"elementor-post__card\">\n\t\t\t\t<a class=\"elementor-post__thumbnail__link\" href=\"https:\/\/www.cardoso.sp.gov.br\/site\/noticia\/capacitacao-fortalece-o-conselho-municipal-de-saude-em-cardoso\/\" tabindex=\"-1\" ><div class=\"elementor-post__thumbnail\"><img loading=\"lazy\" decoding=\"async\" width=\"1024\" height=\"768\" src=\"https:\/\/www.cardoso.sp.gov.br\/site\/wp-content\/uploads\/2026\/03\/WhatsApp-Image-2026-03-26-at-11.51.41-1-1024x768.jpeg\" class=\"attachment-large size-large wp-image-23004\" alt=\"\" srcset=\"https:\/\/www.cardoso.sp.gov.br\/site\/wp-content\/uploads\/2026\/03\/WhatsApp-Image-2026-03-26-at-11.51.41-1-1024x768.jpeg 1024w, https:\/\/www.cardoso.sp.gov.br\/site\/wp-content\/uploads\/2026\/03\/WhatsApp-Image-2026-03-26-at-11.51.41-1-500x375.jpeg 500w, https:\/\/www.cardoso.sp.gov.br\/site\/wp-content\/uploads\/2026\/03\/WhatsApp-Image-2026-03-26-at-11.51.41-1-768x576.jpeg 768w, https:\/\/www.cardoso.sp.gov.br\/site\/wp-content\/uploads\/2026\/03\/WhatsApp-Image-2026-03-26-at-11.51.41-1-100x75.jpeg 100w, https:\/\/www.cardoso.sp.gov.br\/site\/wp-content\/uploads\/2026\/03\/WhatsApp-Image-2026-03-26-at-11.51.41-1-960x720.jpeg 960w, https:\/\/www.cardoso.sp.gov.br\/site\/wp-content\/uploads\/2026\/03\/WhatsApp-Image-2026-03-26-at-11.51.41-1-480x360.jpeg 480w, https:\/\/www.cardoso.sp.gov.br\/site\/wp-content\/uploads\/2026\/03\/WhatsApp-Image-2026-03-26-at-11.51.41-1.jpeg 1280w\" sizes=\"(max-width:767px) 480px, (max-width:1024px) 100vw, 1024px\" \/><\/div><\/a>\n\t\t\t\t<div class=\"elementor-post__text\">\n\t\t\t\t<h6 class=\"elementor-post__title\">\n\t\t\t<a href=\"https:\/\/www.cardoso.sp.gov.br\/site\/noticia\/capacitacao-fortalece-o-conselho-municipal-de-saude-em-cardoso\/\" >\n\t\t\t\tCapacita\u00e7\u00e3o fortalece o Conselho Municipal de Sa\u00fade em Cardoso\t\t\t<\/a>\n\t\t<\/h6>\n\t\t\t\t<\/div>\n\t\t\t\t\t<\/div>\n\t\t<\/article>\n\t\t\t\t<article class=\"elementor-post elementor-grid-item post-22986 noticia type-noticia status-publish format-standard has-post-thumbnail hentry categoria-destaque\" role=\"listitem\">\n\t\t\t<div class=\"elementor-post__card\">\n\t\t\t\t<a class=\"elementor-post__thumbnail__link\" href=\"https:\/\/www.cardoso.sp.gov.br\/site\/noticia\/dia-d-de-vacinacao-em-cardoso\/\" tabindex=\"-1\" ><div class=\"elementor-post__thumbnail\"><img loading=\"lazy\" decoding=\"async\" width=\"683\" height=\"1024\" src=\"https:\/\/www.cardoso.sp.gov.br\/site\/wp-content\/uploads\/2026\/03\/WhatsApp-Image-2026-03-23-at-15.36.49-683x1024.jpeg\" class=\"attachment-large size-large wp-image-22989\" alt=\"\" srcset=\"https:\/\/www.cardoso.sp.gov.br\/site\/wp-content\/uploads\/2026\/03\/WhatsApp-Image-2026-03-23-at-15.36.49-683x1024.jpeg 683w, https:\/\/www.cardoso.sp.gov.br\/site\/wp-content\/uploads\/2026\/03\/WhatsApp-Image-2026-03-23-at-15.36.49-333x500.jpeg 333w, https:\/\/www.cardoso.sp.gov.br\/site\/wp-content\/uploads\/2026\/03\/WhatsApp-Image-2026-03-23-at-15.36.49-768x1152.jpeg 768w, https:\/\/www.cardoso.sp.gov.br\/site\/wp-content\/uploads\/2026\/03\/WhatsApp-Image-2026-03-23-at-15.36.49-50x75.jpeg 50w, https:\/\/www.cardoso.sp.gov.br\/site\/wp-content\/uploads\/2026\/03\/WhatsApp-Image-2026-03-23-at-15.36.49-480x720.jpeg 480w, https:\/\/www.cardoso.sp.gov.br\/site\/wp-content\/uploads\/2026\/03\/WhatsApp-Image-2026-03-23-at-15.36.49.jpeg 1024w\" sizes=\"(max-width:767px) 480px, 683px\" \/><\/div><\/a>\n\t\t\t\t<div class=\"elementor-post__text\">\n\t\t\t\t<h6 class=\"elementor-post__title\">\n\t\t\t<a href=\"https:\/\/www.cardoso.sp.gov.br\/site\/noticia\/dia-d-de-vacinacao-em-cardoso\/\" >\n\t\t\t\tDia D de Vacina\u00e7\u00e3o em Cardoso!\t\t\t<\/a>\n\t\t<\/h6>\n\t\t\t\t<\/div>\n\t\t\t\t\t<\/div>\n\t\t<\/article>\n\t\t\t\t<article class=\"elementor-post elementor-grid-item post-22976 noticia type-noticia status-publish format-standard has-post-thumbnail hentry categoria-destaque evidencia-home\" role=\"listitem\">\n\t\t\t<div class=\"elementor-post__card\">\n\t\t\t\t<a class=\"elementor-post__thumbnail__link\" href=\"https:\/\/www.cardoso.sp.gov.br\/site\/noticia\/edital-da-politica-nacional-aldir-blanc-ciclo-2\/\" tabindex=\"-1\" ><div class=\"elementor-post__thumbnail\"><img loading=\"lazy\" decoding=\"async\" width=\"835\" height=\"1024\" src=\"https:\/\/www.cardoso.sp.gov.br\/site\/wp-content\/uploads\/2026\/03\/WhatsApp-Image-2026-03-20-at-11.15.28-835x1024.jpeg\" class=\"attachment-large size-large wp-image-22982\" alt=\"\" srcset=\"https:\/\/www.cardoso.sp.gov.br\/site\/wp-content\/uploads\/2026\/03\/WhatsApp-Image-2026-03-20-at-11.15.28-835x1024.jpeg 835w, https:\/\/www.cardoso.sp.gov.br\/site\/wp-content\/uploads\/2026\/03\/WhatsApp-Image-2026-03-20-at-11.15.28-408x500.jpeg 408w, https:\/\/www.cardoso.sp.gov.br\/site\/wp-content\/uploads\/2026\/03\/WhatsApp-Image-2026-03-20-at-11.15.28-768x942.jpeg 768w, https:\/\/www.cardoso.sp.gov.br\/site\/wp-content\/uploads\/2026\/03\/WhatsApp-Image-2026-03-20-at-11.15.28-61x75.jpeg 61w, https:\/\/www.cardoso.sp.gov.br\/site\/wp-content\/uploads\/2026\/03\/WhatsApp-Image-2026-03-20-at-11.15.28-480x589.jpeg 480w, https:\/\/www.cardoso.sp.gov.br\/site\/wp-content\/uploads\/2026\/03\/WhatsApp-Image-2026-03-20-at-11.15.28.jpeg 1080w\" sizes=\"(max-width:767px) 480px, (max-width:835px) 100vw, 835px\" \/><\/div><\/a>\n\t\t\t\t<div class=\"elementor-post__text\">\n\t\t\t\t<h6 class=\"elementor-post__title\">\n\t\t\t<a href=\"https:\/\/www.cardoso.sp.gov.br\/site\/noticia\/edital-da-politica-nacional-aldir-blanc-ciclo-2\/\" >\n\t\t\t\tEDITAL DA POL\u00cdTICA NACIONAL ALDIR BLANC CICLO 2\t\t\t<\/a>\n\t\t<\/h6>\n\t\t\t\t<\/div>\n\t\t\t\t\t<\/div>\n\t\t<\/article>\n\t\t\t\t<article class=\"elementor-post elementor-grid-item post-22946 noticia type-noticia status-publish format-standard has-post-thumbnail hentry categoria-destaque evidencia-home\" role=\"listitem\">\n\t\t\t<div class=\"elementor-post__card\">\n\t\t\t\t<a class=\"elementor-post__thumbnail__link\" href=\"https:\/\/www.cardoso.sp.gov.br\/site\/noticia\/show-cristao-em-cardoso\/\" tabindex=\"-1\" ><div class=\"elementor-post__thumbnail\"><img loading=\"lazy\" decoding=\"async\" width=\"1024\" height=\"1024\" src=\"https:\/\/www.cardoso.sp.gov.br\/site\/wp-content\/uploads\/2026\/03\/WhatsApp-Image-2026-03-16-at-11.49.24.jpeg\" class=\"attachment-large size-large wp-image-22947\" alt=\"\" srcset=\"https:\/\/www.cardoso.sp.gov.br\/site\/wp-content\/uploads\/2026\/03\/WhatsApp-Image-2026-03-16-at-11.49.24.jpeg 1024w, https:\/\/www.cardoso.sp.gov.br\/site\/wp-content\/uploads\/2026\/03\/WhatsApp-Image-2026-03-16-at-11.49.24-500x500.jpeg 500w, https:\/\/www.cardoso.sp.gov.br\/site\/wp-content\/uploads\/2026\/03\/WhatsApp-Image-2026-03-16-at-11.49.24-300x300.jpeg 300w, https:\/\/www.cardoso.sp.gov.br\/site\/wp-content\/uploads\/2026\/03\/WhatsApp-Image-2026-03-16-at-11.49.24-768x768.jpeg 768w, https:\/\/www.cardoso.sp.gov.br\/site\/wp-content\/uploads\/2026\/03\/WhatsApp-Image-2026-03-16-at-11.49.24-150x150.jpeg 150w, https:\/\/www.cardoso.sp.gov.br\/site\/wp-content\/uploads\/2026\/03\/WhatsApp-Image-2026-03-16-at-11.49.24-75x75.jpeg 75w, https:\/\/www.cardoso.sp.gov.br\/site\/wp-content\/uploads\/2026\/03\/WhatsApp-Image-2026-03-16-at-11.49.24-480x480.jpeg 480w\" sizes=\"(max-width:767px) 480px, (max-width:1024px) 100vw, 1024px\" \/><\/div><\/a>\n\t\t\t\t<div class=\"elementor-post__text\">\n\t\t\t\t<h6 class=\"elementor-post__title\">\n\t\t\t<a href=\"https:\/\/www.cardoso.sp.gov.br\/site\/noticia\/show-cristao-em-cardoso\/\" >\n\t\t\t\tShow Crist\u00e3o em Cardoso!\t\t\t<\/a>\n\t\t<\/h6>\n\t\t\t\t<\/div>\n\t\t\t\t\t<\/div>\n\t\t<\/article>\n\t\t\t\t<article class=\"elementor-post elementor-grid-item post-22879 noticia type-noticia status-publish format-standard has-post-thumbnail hentry categoria-destaque evidencia-home\" role=\"listitem\">\n\t\t\t<div class=\"elementor-post__card\">\n\t\t\t\t<a class=\"elementor-post__thumbnail__link\" href=\"https:\/\/www.cardoso.sp.gov.br\/site\/noticia\/vem-ai-a-12a-edicao-do-pescardoso\/\" tabindex=\"-1\" ><div class=\"elementor-post__thumbnail\"><img loading=\"lazy\" decoding=\"async\" width=\"683\" height=\"1024\" src=\"https:\/\/www.cardoso.sp.gov.br\/site\/wp-content\/uploads\/2026\/03\/WhatsApp-Image-2026-03-06-at-19.12.47-683x1024.jpeg\" class=\"attachment-large size-large wp-image-22880\" alt=\"\" srcset=\"https:\/\/www.cardoso.sp.gov.br\/site\/wp-content\/uploads\/2026\/03\/WhatsApp-Image-2026-03-06-at-19.12.47-683x1024.jpeg 683w, https:\/\/www.cardoso.sp.gov.br\/site\/wp-content\/uploads\/2026\/03\/WhatsApp-Image-2026-03-06-at-19.12.47-333x500.jpeg 333w, https:\/\/www.cardoso.sp.gov.br\/site\/wp-content\/uploads\/2026\/03\/WhatsApp-Image-2026-03-06-at-19.12.47-768x1152.jpeg 768w, https:\/\/www.cardoso.sp.gov.br\/site\/wp-content\/uploads\/2026\/03\/WhatsApp-Image-2026-03-06-at-19.12.47-50x75.jpeg 50w, https:\/\/www.cardoso.sp.gov.br\/site\/wp-content\/uploads\/2026\/03\/WhatsApp-Image-2026-03-06-at-19.12.47-480x720.jpeg 480w, https:\/\/www.cardoso.sp.gov.br\/site\/wp-content\/uploads\/2026\/03\/WhatsApp-Image-2026-03-06-at-19.12.47.jpeg 1024w\" sizes=\"(max-width:767px) 480px, 683px\" \/><\/div><\/a>\n\t\t\t\t<div class=\"elementor-post__text\">\n\t\t\t\t<h6 class=\"elementor-post__title\">\n\t\t\t<a href=\"https:\/\/www.cardoso.sp.gov.br\/site\/noticia\/vem-ai-a-12a-edicao-do-pescardoso\/\" >\n\t\t\t\tVEM A\u00cd A 12\u00aa EDI\u00c7\u00c3O DO PESCARDOSO\t\t\t<\/a>\n\t\t<\/h6>\n\t\t\t\t<\/div>\n\t\t\t\t\t<\/div>\n\t\t<\/article>\n\t\t\t\t<article class=\"elementor-post elementor-grid-item post-22825 noticia type-noticia status-publish format-standard has-post-thumbnail hentry categoria-destaque evidencia-home\" role=\"listitem\">\n\t\t\t<div class=\"elementor-post__card\">\n\t\t\t\t<a class=\"elementor-post__thumbnail__link\" href=\"https:\/\/www.cardoso.sp.gov.br\/site\/noticia\/dipam-2026\/\" tabindex=\"-1\" ><div class=\"elementor-post__thumbnail\"><img loading=\"lazy\" decoding=\"async\" width=\"1011\" height=\"558\" src=\"https:\/\/www.cardoso.sp.gov.br\/site\/wp-content\/uploads\/2026\/02\/WhatsApp-Image-2026-02-25-at-18.01.28.jpeg\" class=\"attachment-large size-large wp-image-22826\" alt=\"\" srcset=\"https:\/\/www.cardoso.sp.gov.br\/site\/wp-content\/uploads\/2026\/02\/WhatsApp-Image-2026-02-25-at-18.01.28.jpeg 1011w, https:\/\/www.cardoso.sp.gov.br\/site\/wp-content\/uploads\/2026\/02\/WhatsApp-Image-2026-02-25-at-18.01.28-500x276.jpeg 500w, https:\/\/www.cardoso.sp.gov.br\/site\/wp-content\/uploads\/2026\/02\/WhatsApp-Image-2026-02-25-at-18.01.28-768x424.jpeg 768w, https:\/\/www.cardoso.sp.gov.br\/site\/wp-content\/uploads\/2026\/02\/WhatsApp-Image-2026-02-25-at-18.01.28-136x75.jpeg 136w, https:\/\/www.cardoso.sp.gov.br\/site\/wp-content\/uploads\/2026\/02\/WhatsApp-Image-2026-02-25-at-18.01.28-480x265.jpeg 480w\" sizes=\"(max-width:767px) 480px, (max-width:1011px) 100vw, 1011px\" \/><\/div><\/a>\n\t\t\t\t<div class=\"elementor-post__text\">\n\t\t\t\t<h6 class=\"elementor-post__title\">\n\t\t\t<a href=\"https:\/\/www.cardoso.sp.gov.br\/site\/noticia\/dipam-2026\/\" >\n\t\t\t\tDIPAM 2026\t\t\t<\/a>\n\t\t<\/h6>\n\t\t\t\t<\/div>\n\t\t\t\t\t<\/div>\n\t\t<\/article>\n\t\t\t\t<article class=\"elementor-post elementor-grid-item post-22809 noticia type-noticia status-publish format-standard has-post-thumbnail hentry categoria-destaque evidencia-home\" role=\"listitem\">\n\t\t\t<div class=\"elementor-post__card\">\n\t\t\t\t<a class=\"elementor-post__thumbnail__link\" href=\"https:\/\/www.cardoso.sp.gov.br\/site\/noticia\/iptu-em-dia-da-premio-na-conta\/\" tabindex=\"-1\" ><div class=\"elementor-post__thumbnail\"><img loading=\"lazy\" decoding=\"async\" width=\"819\" height=\"1024\" src=\"https:\/\/www.cardoso.sp.gov.br\/site\/wp-content\/uploads\/2026\/02\/WhatsApp-Image-2026-02-25-at-15.08.22-819x1024.jpeg\" class=\"attachment-large size-large wp-image-22810\" alt=\"\" srcset=\"https:\/\/www.cardoso.sp.gov.br\/site\/wp-content\/uploads\/2026\/02\/WhatsApp-Image-2026-02-25-at-15.08.22-819x1024.jpeg 819w, https:\/\/www.cardoso.sp.gov.br\/site\/wp-content\/uploads\/2026\/02\/WhatsApp-Image-2026-02-25-at-15.08.22-400x500.jpeg 400w, https:\/\/www.cardoso.sp.gov.br\/site\/wp-content\/uploads\/2026\/02\/WhatsApp-Image-2026-02-25-at-15.08.22-768x960.jpeg 768w, https:\/\/www.cardoso.sp.gov.br\/site\/wp-content\/uploads\/2026\/02\/WhatsApp-Image-2026-02-25-at-15.08.22-60x75.jpeg 60w, https:\/\/www.cardoso.sp.gov.br\/site\/wp-content\/uploads\/2026\/02\/WhatsApp-Image-2026-02-25-at-15.08.22-480x600.jpeg 480w, https:\/\/www.cardoso.sp.gov.br\/site\/wp-content\/uploads\/2026\/02\/WhatsApp-Image-2026-02-25-at-15.08.22.jpeg 1080w\" sizes=\"(max-width:767px) 480px, (max-width:819px) 100vw, 819px\" \/><\/div><\/a>\n\t\t\t\t<div class=\"elementor-post__text\">\n\t\t\t\t<h6 class=\"elementor-post__title\">\n\t\t\t<a href=\"https:\/\/www.cardoso.sp.gov.br\/site\/noticia\/iptu-em-dia-da-premio-na-conta\/\" >\n\t\t\t\tIPTU EM DIA D\u00c1 PR\u00caMIO NA CONTA!\t\t\t<\/a>\n\t\t<\/h6>\n\t\t\t\t<\/div>\n\t\t\t\t\t<\/div>\n\t\t<\/article>\n\t\t\t\t<article class=\"elementor-post elementor-grid-item post-22444 noticia type-noticia status-publish format-standard has-post-thumbnail hentry categoria-destaque evidencia-home\" role=\"listitem\">\n\t\t\t<div class=\"elementor-post__card\">\n\t\t\t\t<a class=\"elementor-post__thumbnail__link\" href=\"https:\/\/www.cardoso.sp.gov.br\/site\/noticia\/audiencia-publica-da-saude\/\" tabindex=\"-1\" ><div class=\"elementor-post__thumbnail\"><img loading=\"lazy\" decoding=\"async\" width=\"819\" height=\"1024\" src=\"https:\/\/www.cardoso.sp.gov.br\/site\/wp-content\/uploads\/2026\/01\/WhatsApp-Image-2026-01-29-at-08.15.16-819x1024.jpeg\" class=\"attachment-large size-large wp-image-22445\" alt=\"\" srcset=\"https:\/\/www.cardoso.sp.gov.br\/site\/wp-content\/uploads\/2026\/01\/WhatsApp-Image-2026-01-29-at-08.15.16-819x1024.jpeg 819w, https:\/\/www.cardoso.sp.gov.br\/site\/wp-content\/uploads\/2026\/01\/WhatsApp-Image-2026-01-29-at-08.15.16-240x300.jpeg 240w, https:\/\/www.cardoso.sp.gov.br\/site\/wp-content\/uploads\/2026\/01\/WhatsApp-Image-2026-01-29-at-08.15.16-768x960.jpeg 768w, https:\/\/www.cardoso.sp.gov.br\/site\/wp-content\/uploads\/2026\/01\/WhatsApp-Image-2026-01-29-at-08.15.16-60x75.jpeg 60w, https:\/\/www.cardoso.sp.gov.br\/site\/wp-content\/uploads\/2026\/01\/WhatsApp-Image-2026-01-29-at-08.15.16-480x600.jpeg 480w, https:\/\/www.cardoso.sp.gov.br\/site\/wp-content\/uploads\/2026\/01\/WhatsApp-Image-2026-01-29-at-08.15.16.jpeg 1080w\" sizes=\"(max-width:767px) 480px, (max-width:819px) 100vw, 819px\" \/><\/div><\/a>\n\t\t\t\t<div class=\"elementor-post__text\">\n\t\t\t\t<h6 class=\"elementor-post__title\">\n\t\t\t<a href=\"https:\/\/www.cardoso.sp.gov.br\/site\/noticia\/audiencia-publica-da-saude\/\" >\n\t\t\t\tAUDI\u00caNCIA P\u00daBLICA DA SA\u00daDE\t\t\t<\/a>\n\t\t<\/h6>\n\t\t\t\t<\/div>\n\t\t\t\t\t<\/div>\n\t\t<\/article>\n\t\t\t\t<article class=\"elementor-post elementor-grid-item post-22441 noticia type-noticia status-publish format-standard has-post-thumbnail hentry categoria-destaque evidencia-home\" role=\"listitem\">\n\t\t\t<div class=\"elementor-post__card\">\n\t\t\t\t<a class=\"elementor-post__thumbnail__link\" href=\"https:\/\/www.cardoso.sp.gov.br\/site\/noticia\/volta-as-aulas-2\/\" tabindex=\"-1\" ><div class=\"elementor-post__thumbnail\"><img loading=\"lazy\" decoding=\"async\" width=\"819\" height=\"1024\" src=\"https:\/\/www.cardoso.sp.gov.br\/site\/wp-content\/uploads\/2026\/01\/WhatsApp-Image-2026-01-27-at-15.25.11-819x1024.jpeg\" class=\"attachment-large size-large wp-image-22442\" alt=\"\" srcset=\"https:\/\/www.cardoso.sp.gov.br\/site\/wp-content\/uploads\/2026\/01\/WhatsApp-Image-2026-01-27-at-15.25.11-819x1024.jpeg 819w, https:\/\/www.cardoso.sp.gov.br\/site\/wp-content\/uploads\/2026\/01\/WhatsApp-Image-2026-01-27-at-15.25.11-240x300.jpeg 240w, https:\/\/www.cardoso.sp.gov.br\/site\/wp-content\/uploads\/2026\/01\/WhatsApp-Image-2026-01-27-at-15.25.11-768x960.jpeg 768w, https:\/\/www.cardoso.sp.gov.br\/site\/wp-content\/uploads\/2026\/01\/WhatsApp-Image-2026-01-27-at-15.25.11-1228x1536.jpeg 1228w, https:\/\/www.cardoso.sp.gov.br\/site\/wp-content\/uploads\/2026\/01\/WhatsApp-Image-2026-01-27-at-15.25.11-1638x2048.jpeg 1638w, https:\/\/www.cardoso.sp.gov.br\/site\/wp-content\/uploads\/2026\/01\/WhatsApp-Image-2026-01-27-at-15.25.11-60x75.jpeg 60w, https:\/\/www.cardoso.sp.gov.br\/site\/wp-content\/uploads\/2026\/01\/WhatsApp-Image-2026-01-27-at-15.25.11-480x600.jpeg 480w, https:\/\/www.cardoso.sp.gov.br\/site\/wp-content\/uploads\/2026\/01\/WhatsApp-Image-2026-01-27-at-15.25.11.jpeg 2047w\" sizes=\"(max-width:767px) 480px, (max-width:819px) 100vw, 819px\" \/><\/div><\/a>\n\t\t\t\t<div class=\"elementor-post__text\">\n\t\t\t\t<h6 class=\"elementor-post__title\">\n\t\t\t<a href=\"https:\/\/www.cardoso.sp.gov.br\/site\/noticia\/volta-as-aulas-2\/\" >\n\t\t\t\tVOLTA \u00c0S AULAS\t\t\t<\/a>\n\t\t<\/h6>\n\t\t\t\t<\/div>\n\t\t\t\t\t<\/div>\n\t\t<\/article>\n\t\t\t\t<article class=\"elementor-post elementor-grid-item post-22400 noticia type-noticia status-publish format-standard has-post-thumbnail hentry categoria-destaque evidencia-home\" role=\"listitem\">\n\t\t\t<div class=\"elementor-post__card\">\n\t\t\t\t<a class=\"elementor-post__thumbnail__link\" href=\"https:\/\/www.cardoso.sp.gov.br\/site\/noticia\/segunda-edicao-copa-cardoso-2026\/\" tabindex=\"-1\" ><div class=\"elementor-post__thumbnail\"><img loading=\"lazy\" decoding=\"async\" width=\"819\" height=\"1024\" src=\"https:\/\/www.cardoso.sp.gov.br\/site\/wp-content\/uploads\/2026\/01\/WhatsApp-Image-2026-01-14-at-19.54.36-1-819x1024.jpeg\" class=\"attachment-large size-large wp-image-22401\" alt=\"\" srcset=\"https:\/\/www.cardoso.sp.gov.br\/site\/wp-content\/uploads\/2026\/01\/WhatsApp-Image-2026-01-14-at-19.54.36-1-819x1024.jpeg 819w, https:\/\/www.cardoso.sp.gov.br\/site\/wp-content\/uploads\/2026\/01\/WhatsApp-Image-2026-01-14-at-19.54.36-1-240x300.jpeg 240w, https:\/\/www.cardoso.sp.gov.br\/site\/wp-content\/uploads\/2026\/01\/WhatsApp-Image-2026-01-14-at-19.54.36-1-768x960.jpeg 768w, https:\/\/www.cardoso.sp.gov.br\/site\/wp-content\/uploads\/2026\/01\/WhatsApp-Image-2026-01-14-at-19.54.36-1-60x75.jpeg 60w, https:\/\/www.cardoso.sp.gov.br\/site\/wp-content\/uploads\/2026\/01\/WhatsApp-Image-2026-01-14-at-19.54.36-1-480x600.jpeg 480w, https:\/\/www.cardoso.sp.gov.br\/site\/wp-content\/uploads\/2026\/01\/WhatsApp-Image-2026-01-14-at-19.54.36-1.jpeg 1080w\" sizes=\"(max-width:767px) 480px, (max-width:819px) 100vw, 819px\" \/><\/div><\/a>\n\t\t\t\t<div class=\"elementor-post__text\">\n\t\t\t\t<h6 class=\"elementor-post__title\">\n\t\t\t<a href=\"https:\/\/www.cardoso.sp.gov.br\/site\/noticia\/segunda-edicao-copa-cardoso-2026\/\" >\n\t\t\t\tSEGUNDA EDI\u00c7\u00c3O \u2013 COPA CARDOSO 2026\t\t\t<\/a>\n\t\t<\/h6>\n\t\t\t\t<\/div>\n\t\t\t\t\t<\/div>\n\t\t<\/article>\n\t\t\t\t<article class=\"elementor-post elementor-grid-item post-22393 noticia type-noticia status-publish format-standard has-post-thumbnail hentry categoria-destaque evidencia-home\" role=\"listitem\">\n\t\t\t<div class=\"elementor-post__card\">\n\t\t\t\t<a class=\"elementor-post__thumbnail__link\" href=\"https:\/\/www.cardoso.sp.gov.br\/site\/noticia\/leilao-oficial-prefeitura-municipal-de-cardoso\/\" tabindex=\"-1\" ><div class=\"elementor-post__thumbnail\"><img loading=\"lazy\" decoding=\"async\" width=\"819\" height=\"1024\" src=\"https:\/\/www.cardoso.sp.gov.br\/site\/wp-content\/uploads\/2026\/01\/WhatsApp-Image-2026-01-13-at-06.53.32-819x1024.jpeg\" class=\"attachment-large size-large wp-image-22394\" alt=\"\" srcset=\"https:\/\/www.cardoso.sp.gov.br\/site\/wp-content\/uploads\/2026\/01\/WhatsApp-Image-2026-01-13-at-06.53.32-819x1024.jpeg 819w, https:\/\/www.cardoso.sp.gov.br\/site\/wp-content\/uploads\/2026\/01\/WhatsApp-Image-2026-01-13-at-06.53.32-240x300.jpeg 240w, https:\/\/www.cardoso.sp.gov.br\/site\/wp-content\/uploads\/2026\/01\/WhatsApp-Image-2026-01-13-at-06.53.32-768x960.jpeg 768w, https:\/\/www.cardoso.sp.gov.br\/site\/wp-content\/uploads\/2026\/01\/WhatsApp-Image-2026-01-13-at-06.53.32-60x75.jpeg 60w, https:\/\/www.cardoso.sp.gov.br\/site\/wp-content\/uploads\/2026\/01\/WhatsApp-Image-2026-01-13-at-06.53.32-480x600.jpeg 480w, https:\/\/www.cardoso.sp.gov.br\/site\/wp-content\/uploads\/2026\/01\/WhatsApp-Image-2026-01-13-at-06.53.32.jpeg 1080w\" sizes=\"(max-width:767px) 480px, (max-width:819px) 100vw, 819px\" \/><\/div><\/a>\n\t\t\t\t<div class=\"elementor-post__text\">\n\t\t\t\t<h6 class=\"elementor-post__title\">\n\t\t\t<a href=\"https:\/\/www.cardoso.sp.gov.br\/site\/noticia\/leilao-oficial-prefeitura-municipal-de-cardoso\/\" >\n\t\t\t\tLEIL\u00c3O OFICIAL \u2013 PREFEITURA MUNICIPAL DE CARDOSO\t\t\t<\/a>\n\t\t<\/h6>\n\t\t\t\t<\/div>\n\t\t\t\t\t<\/div>\n\t\t<\/article>\n\t\t\t\t<article class=\"elementor-post elementor-grid-item post-22390 noticia type-noticia status-publish format-standard has-post-thumbnail hentry categoria-destaque evidencia-home\" role=\"listitem\">\n\t\t\t<div class=\"elementor-post__card\">\n\t\t\t\t<a class=\"elementor-post__thumbnail__link\" href=\"https:\/\/www.cardoso.sp.gov.br\/site\/noticia\/carteirinha-de-estudante-2026\/\" tabindex=\"-1\" ><div class=\"elementor-post__thumbnail\"><img loading=\"lazy\" decoding=\"async\" width=\"819\" height=\"1024\" src=\"https:\/\/www.cardoso.sp.gov.br\/site\/wp-content\/uploads\/2026\/01\/cardoso-adm-54-819x1024.jpg\" class=\"attachment-large size-large wp-image-22391\" alt=\"\" srcset=\"https:\/\/www.cardoso.sp.gov.br\/site\/wp-content\/uploads\/2026\/01\/cardoso-adm-54-819x1024.jpg 819w, https:\/\/www.cardoso.sp.gov.br\/site\/wp-content\/uploads\/2026\/01\/cardoso-adm-54-240x300.jpg 240w, https:\/\/www.cardoso.sp.gov.br\/site\/wp-content\/uploads\/2026\/01\/cardoso-adm-54-768x960.jpg 768w, https:\/\/www.cardoso.sp.gov.br\/site\/wp-content\/uploads\/2026\/01\/cardoso-adm-54-60x75.jpg 60w, https:\/\/www.cardoso.sp.gov.br\/site\/wp-content\/uploads\/2026\/01\/cardoso-adm-54-480x600.jpg 480w, https:\/\/www.cardoso.sp.gov.br\/site\/wp-content\/uploads\/2026\/01\/cardoso-adm-54.jpg 1080w\" sizes=\"(max-width:767px) 480px, (max-width:819px) 100vw, 819px\" \/><\/div><\/a>\n\t\t\t\t<div class=\"elementor-post__text\">\n\t\t\t\t<h6 class=\"elementor-post__title\">\n\t\t\t<a href=\"https:\/\/www.cardoso.sp.gov.br\/site\/noticia\/carteirinha-de-estudante-2026\/\" >\n\t\t\t\tCARTEIRINHA DE ESTUDANTE 2026\t\t\t<\/a>\n\t\t<\/h6>\n\t\t\t\t<\/div>\n\t\t\t\t\t<\/div>\n\t\t<\/article>\n\t\t\t\t<article class=\"elementor-post elementor-grid-item post-22387 noticia type-noticia status-publish format-standard has-post-thumbnail hentry categoria-destaque evidencia-home\" role=\"listitem\">\n\t\t\t<div class=\"elementor-post__card\">\n\t\t\t\t<a class=\"elementor-post__thumbnail__link\" href=\"https:\/\/www.cardoso.sp.gov.br\/site\/noticia\/carteirinha-do-trabalhador-2026\/\" tabindex=\"-1\" ><div class=\"elementor-post__thumbnail\"><img loading=\"lazy\" decoding=\"async\" width=\"819\" height=\"1024\" src=\"https:\/\/www.cardoso.sp.gov.br\/site\/wp-content\/uploads\/2026\/01\/WhatsApp-Image-2026-01-13-at-15.57.47-819x1024.jpeg\" class=\"attachment-large size-large wp-image-22388\" alt=\"\" srcset=\"https:\/\/www.cardoso.sp.gov.br\/site\/wp-content\/uploads\/2026\/01\/WhatsApp-Image-2026-01-13-at-15.57.47-819x1024.jpeg 819w, https:\/\/www.cardoso.sp.gov.br\/site\/wp-content\/uploads\/2026\/01\/WhatsApp-Image-2026-01-13-at-15.57.47-240x300.jpeg 240w, https:\/\/www.cardoso.sp.gov.br\/site\/wp-content\/uploads\/2026\/01\/WhatsApp-Image-2026-01-13-at-15.57.47-768x960.jpeg 768w, https:\/\/www.cardoso.sp.gov.br\/site\/wp-content\/uploads\/2026\/01\/WhatsApp-Image-2026-01-13-at-15.57.47-60x75.jpeg 60w, https:\/\/www.cardoso.sp.gov.br\/site\/wp-content\/uploads\/2026\/01\/WhatsApp-Image-2026-01-13-at-15.57.47-480x600.jpeg 480w, https:\/\/www.cardoso.sp.gov.br\/site\/wp-content\/uploads\/2026\/01\/WhatsApp-Image-2026-01-13-at-15.57.47.jpeg 1080w\" sizes=\"(max-width:767px) 480px, (max-width:819px) 100vw, 819px\" \/><\/div><\/a>\n\t\t\t\t<div class=\"elementor-post__text\">\n\t\t\t\t<h6 class=\"elementor-post__title\">\n\t\t\t<a href=\"https:\/\/www.cardoso.sp.gov.br\/site\/noticia\/carteirinha-do-trabalhador-2026\/\" >\n\t\t\t\tCARTEIRINHA DO TRABALHADOR 2026\t\t\t<\/a>\n\t\t<\/h6>\n\t\t\t\t<\/div>\n\t\t\t\t\t<\/div>\n\t\t<\/article>\n\t\t\t\t<article class=\"elementor-post elementor-grid-item post-22383 noticia type-noticia status-publish format-standard has-post-thumbnail hentry categoria-destaque evidencia-home\" role=\"listitem\">\n\t\t\t<div class=\"elementor-post__card\">\n\t\t\t\t<a class=\"elementor-post__thumbnail__link\" href=\"https:\/\/www.cardoso.sp.gov.br\/site\/noticia\/cardoso-89-anos\/\" tabindex=\"-1\" ><div class=\"elementor-post__thumbnail\"><img loading=\"lazy\" decoding=\"async\" width=\"819\" height=\"1024\" src=\"https:\/\/www.cardoso.sp.gov.br\/site\/wp-content\/uploads\/2026\/01\/ANIVERSARIO-CARDOSO-FEED-819x1024.png\" class=\"attachment-large size-large wp-image-22384\" alt=\"\" srcset=\"https:\/\/www.cardoso.sp.gov.br\/site\/wp-content\/uploads\/2026\/01\/ANIVERSARIO-CARDOSO-FEED-819x1024.png 819w, https:\/\/www.cardoso.sp.gov.br\/site\/wp-content\/uploads\/2026\/01\/ANIVERSARIO-CARDOSO-FEED-240x300.png 240w, https:\/\/www.cardoso.sp.gov.br\/site\/wp-content\/uploads\/2026\/01\/ANIVERSARIO-CARDOSO-FEED-768x960.png 768w, https:\/\/www.cardoso.sp.gov.br\/site\/wp-content\/uploads\/2026\/01\/ANIVERSARIO-CARDOSO-FEED-60x75.png 60w, https:\/\/www.cardoso.sp.gov.br\/site\/wp-content\/uploads\/2026\/01\/ANIVERSARIO-CARDOSO-FEED-480x600.png 480w, https:\/\/www.cardoso.sp.gov.br\/site\/wp-content\/uploads\/2026\/01\/ANIVERSARIO-CARDOSO-FEED.png 1080w\" sizes=\"(max-width:767px) 480px, (max-width:819px) 100vw, 819px\" \/><\/div><\/a>\n\t\t\t\t<div class=\"elementor-post__text\">\n\t\t\t\t<h6 class=\"elementor-post__title\">\n\t\t\t<a href=\"https:\/\/www.cardoso.sp.gov.br\/site\/noticia\/cardoso-89-anos\/\" >\n\t\t\t\tCARDOSO 89 ANOS\t\t\t<\/a>\n\t\t<\/h6>\n\t\t\t\t<\/div>\n\t\t\t\t\t<\/div>\n\t\t<\/article>\n\t\t\t\t<article class=\"elementor-post elementor-grid-item post-22372 noticia type-noticia status-publish format-standard has-post-thumbnail hentry categoria-destaque\" role=\"listitem\">\n\t\t\t<div class=\"elementor-post__card\">\n\t\t\t\t<a class=\"elementor-post__thumbnail__link\" href=\"https:\/\/www.cardoso.sp.gov.br\/site\/noticia\/cardoso-folia-2026\/\" tabindex=\"-1\" ><div class=\"elementor-post__thumbnail\"><img loading=\"lazy\" decoding=\"async\" width=\"576\" height=\"1024\" src=\"https:\/\/www.cardoso.sp.gov.br\/site\/wp-content\/uploads\/2026\/01\/WhatsApp-Image-2026-01-02-at-14.56.59-576x1024.jpeg\" class=\"attachment-large size-large wp-image-22376\" alt=\"\" srcset=\"https:\/\/www.cardoso.sp.gov.br\/site\/wp-content\/uploads\/2026\/01\/WhatsApp-Image-2026-01-02-at-14.56.59-576x1024.jpeg 576w, https:\/\/www.cardoso.sp.gov.br\/site\/wp-content\/uploads\/2026\/01\/WhatsApp-Image-2026-01-02-at-14.56.59-169x300.jpeg 169w, https:\/\/www.cardoso.sp.gov.br\/site\/wp-content\/uploads\/2026\/01\/WhatsApp-Image-2026-01-02-at-14.56.59-768x1365.jpeg 768w, https:\/\/www.cardoso.sp.gov.br\/site\/wp-content\/uploads\/2026\/01\/WhatsApp-Image-2026-01-02-at-14.56.59-864x1536.jpeg 864w, https:\/\/www.cardoso.sp.gov.br\/site\/wp-content\/uploads\/2026\/01\/WhatsApp-Image-2026-01-02-at-14.56.59-42x75.jpeg 42w, https:\/\/www.cardoso.sp.gov.br\/site\/wp-content\/uploads\/2026\/01\/WhatsApp-Image-2026-01-02-at-14.56.59-480x853.jpeg 480w, https:\/\/www.cardoso.sp.gov.br\/site\/wp-content\/uploads\/2026\/01\/WhatsApp-Image-2026-01-02-at-14.56.59.jpeg 900w\" sizes=\"(max-width:767px) 480px, 576px\" \/><\/div><\/a>\n\t\t\t\t<div class=\"elementor-post__text\">\n\t\t\t\t<h6 class=\"elementor-post__title\">\n\t\t\t<a href=\"https:\/\/www.cardoso.sp.gov.br\/site\/noticia\/cardoso-folia-2026\/\" >\n\t\t\t\tCARDOSO FOLIA 2026\t\t\t<\/a>\n\t\t<\/h6>\n\t\t\t\t<\/div>\n\t\t\t\t\t<\/div>\n\t\t<\/article>\n\t\t\t\t<article class=\"elementor-post elementor-grid-item post-22370 noticia type-noticia status-publish format-standard has-post-thumbnail hentry categoria-destaque evidencia-home\" role=\"listitem\">\n\t\t\t<div class=\"elementor-post__card\">\n\t\t\t\t<a class=\"elementor-post__thumbnail__link\" href=\"https:\/\/www.cardoso.sp.gov.br\/site\/noticia\/novo-numero-da-prainha-municipal\/\" tabindex=\"-1\" ><div class=\"elementor-post__thumbnail\"><img loading=\"lazy\" decoding=\"async\" width=\"819\" height=\"1024\" src=\"https:\/\/www.cardoso.sp.gov.br\/site\/wp-content\/uploads\/2025\/12\/WhatsApp-Image-2025-12-27-at-11.24.14-819x1024.jpeg\" class=\"attachment-large size-large wp-image-22371\" alt=\"\" srcset=\"https:\/\/www.cardoso.sp.gov.br\/site\/wp-content\/uploads\/2025\/12\/WhatsApp-Image-2025-12-27-at-11.24.14-819x1024.jpeg 819w, https:\/\/www.cardoso.sp.gov.br\/site\/wp-content\/uploads\/2025\/12\/WhatsApp-Image-2025-12-27-at-11.24.14-240x300.jpeg 240w, https:\/\/www.cardoso.sp.gov.br\/site\/wp-content\/uploads\/2025\/12\/WhatsApp-Image-2025-12-27-at-11.24.14-768x960.jpeg 768w, https:\/\/www.cardoso.sp.gov.br\/site\/wp-content\/uploads\/2025\/12\/WhatsApp-Image-2025-12-27-at-11.24.14-60x75.jpeg 60w, https:\/\/www.cardoso.sp.gov.br\/site\/wp-content\/uploads\/2025\/12\/WhatsApp-Image-2025-12-27-at-11.24.14-480x600.jpeg 480w, https:\/\/www.cardoso.sp.gov.br\/site\/wp-content\/uploads\/2025\/12\/WhatsApp-Image-2025-12-27-at-11.24.14.jpeg 1080w\" sizes=\"(max-width:767px) 480px, (max-width:819px) 100vw, 819px\" \/><\/div><\/a>\n\t\t\t\t<div class=\"elementor-post__text\">\n\t\t\t\t<h6 class=\"elementor-post__title\">\n\t\t\t<a href=\"https:\/\/www.cardoso.sp.gov.br\/site\/noticia\/novo-numero-da-prainha-municipal\/\" >\n\t\t\t\tNOVO N\u00daMERO DA PRAINHA MUNICIPAL\t\t\t<\/a>\n\t\t<\/h6>\n\t\t\t\t<\/div>\n\t\t\t\t\t<\/div>\n\t\t<\/article>\n\t\t\t\t<article class=\"elementor-post elementor-grid-item post-22350 noticia type-noticia status-publish format-standard has-post-thumbnail hentry categoria-destaque evidencia-home\" role=\"listitem\">\n\t\t\t<div class=\"elementor-post__card\">\n\t\t\t\t<a class=\"elementor-post__thumbnail__link\" href=\"https:\/\/www.cardoso.sp.gov.br\/site\/noticia\/vem-ai-cardoso-folia-2026\/\" tabindex=\"-1\" ><div class=\"elementor-post__thumbnail\"><img loading=\"lazy\" decoding=\"async\" width=\"819\" height=\"1024\" src=\"https:\/\/www.cardoso.sp.gov.br\/site\/wp-content\/uploads\/2025\/12\/cardoso-adm-31-819x1024.jpg\" class=\"attachment-large size-large wp-image-22351\" alt=\"\" srcset=\"https:\/\/www.cardoso.sp.gov.br\/site\/wp-content\/uploads\/2025\/12\/cardoso-adm-31-819x1024.jpg 819w, https:\/\/www.cardoso.sp.gov.br\/site\/wp-content\/uploads\/2025\/12\/cardoso-adm-31-240x300.jpg 240w, https:\/\/www.cardoso.sp.gov.br\/site\/wp-content\/uploads\/2025\/12\/cardoso-adm-31-768x960.jpg 768w, https:\/\/www.cardoso.sp.gov.br\/site\/wp-content\/uploads\/2025\/12\/cardoso-adm-31-60x75.jpg 60w, https:\/\/www.cardoso.sp.gov.br\/site\/wp-content\/uploads\/2025\/12\/cardoso-adm-31-480x600.jpg 480w, https:\/\/www.cardoso.sp.gov.br\/site\/wp-content\/uploads\/2025\/12\/cardoso-adm-31.jpg 1080w\" sizes=\"(max-width:767px) 480px, (max-width:819px) 100vw, 819px\" \/><\/div><\/a>\n\t\t\t\t<div class=\"elementor-post__text\">\n\t\t\t\t<h6 class=\"elementor-post__title\">\n\t\t\t<a href=\"https:\/\/www.cardoso.sp.gov.br\/site\/noticia\/vem-ai-cardoso-folia-2026\/\" >\n\t\t\t\tVEM AI &#8220;CARDOSO FOLIA 2026&#8221;\t\t\t<\/a>\n\t\t<\/h6>\n\t\t\t\t<\/div>\n\t\t\t\t\t<\/div>\n\t\t<\/article>\n\t\t\t\t<article class=\"elementor-post elementor-grid-item post-22319 noticia type-noticia status-publish format-standard has-post-thumbnail hentry categoria-destaque evidencia-home\" role=\"listitem\">\n\t\t\t<div class=\"elementor-post__card\">\n\t\t\t\t<a class=\"elementor-post__thumbnail__link\" href=\"https:\/\/www.cardoso.sp.gov.br\/site\/noticia\/festas-de-fim-de-ano-cardoso-2025\/\" tabindex=\"-1\" ><div class=\"elementor-post__thumbnail\"><img loading=\"lazy\" decoding=\"async\" width=\"819\" height=\"1024\" src=\"https:\/\/www.cardoso.sp.gov.br\/site\/wp-content\/uploads\/2025\/12\/WhatsApp-Image-2025-12-01-at-17.09.27-819x1024.jpeg\" class=\"attachment-large size-large wp-image-22329\" alt=\"\" srcset=\"https:\/\/www.cardoso.sp.gov.br\/site\/wp-content\/uploads\/2025\/12\/WhatsApp-Image-2025-12-01-at-17.09.27-819x1024.jpeg 819w, https:\/\/www.cardoso.sp.gov.br\/site\/wp-content\/uploads\/2025\/12\/WhatsApp-Image-2025-12-01-at-17.09.27-240x300.jpeg 240w, https:\/\/www.cardoso.sp.gov.br\/site\/wp-content\/uploads\/2025\/12\/WhatsApp-Image-2025-12-01-at-17.09.27-768x960.jpeg 768w, https:\/\/www.cardoso.sp.gov.br\/site\/wp-content\/uploads\/2025\/12\/WhatsApp-Image-2025-12-01-at-17.09.27-60x75.jpeg 60w, https:\/\/www.cardoso.sp.gov.br\/site\/wp-content\/uploads\/2025\/12\/WhatsApp-Image-2025-12-01-at-17.09.27-480x600.jpeg 480w, https:\/\/www.cardoso.sp.gov.br\/site\/wp-content\/uploads\/2025\/12\/WhatsApp-Image-2025-12-01-at-17.09.27.jpeg 1080w\" sizes=\"(max-width:767px) 480px, (max-width:819px) 100vw, 819px\" \/><\/div><\/a>\n\t\t\t\t<div class=\"elementor-post__text\">\n\t\t\t\t<h6 class=\"elementor-post__title\">\n\t\t\t<a href=\"https:\/\/www.cardoso.sp.gov.br\/site\/noticia\/festas-de-fim-de-ano-cardoso-2025\/\" >\n\t\t\t\tFESTAS DE FIM DE ANO &#8211; CARDOSO 2025\t\t\t<\/a>\n\t\t<\/h6>\n\t\t\t\t<\/div>\n\t\t\t\t\t<\/div>\n\t\t<\/article>\n\t\t\t\t<article class=\"elementor-post elementor-grid-item post-22313 noticia type-noticia status-publish format-standard has-post-thumbnail hentry categoria-destaque evidencia-home\" role=\"listitem\">\n\t\t\t<div class=\"elementor-post__card\">\n\t\t\t\t<a class=\"elementor-post__thumbnail__link\" href=\"https:\/\/www.cardoso.sp.gov.br\/site\/noticia\/caravana-paulo-gustavo-cinesolar-2\/\" tabindex=\"-1\" ><div class=\"elementor-post__thumbnail\"><img loading=\"lazy\" decoding=\"async\" width=\"576\" height=\"1024\" src=\"https:\/\/www.cardoso.sp.gov.br\/site\/wp-content\/uploads\/2025\/11\/WhatsApp-Image-2025-11-29-at-09.09.12-576x1024.jpeg\" class=\"attachment-large size-large wp-image-22315\" alt=\"\" srcset=\"https:\/\/www.cardoso.sp.gov.br\/site\/wp-content\/uploads\/2025\/11\/WhatsApp-Image-2025-11-29-at-09.09.12-576x1024.jpeg 576w, https:\/\/www.cardoso.sp.gov.br\/site\/wp-content\/uploads\/2025\/11\/WhatsApp-Image-2025-11-29-at-09.09.12-169x300.jpeg 169w, https:\/\/www.cardoso.sp.gov.br\/site\/wp-content\/uploads\/2025\/11\/WhatsApp-Image-2025-11-29-at-09.09.12-768x1366.jpeg 768w, https:\/\/www.cardoso.sp.gov.br\/site\/wp-content\/uploads\/2025\/11\/WhatsApp-Image-2025-11-29-at-09.09.12-864x1536.jpeg 864w, https:\/\/www.cardoso.sp.gov.br\/site\/wp-content\/uploads\/2025\/11\/WhatsApp-Image-2025-11-29-at-09.09.12-42x75.jpeg 42w, https:\/\/www.cardoso.sp.gov.br\/site\/wp-content\/uploads\/2025\/11\/WhatsApp-Image-2025-11-29-at-09.09.12-480x854.jpeg 480w, https:\/\/www.cardoso.sp.gov.br\/site\/wp-content\/uploads\/2025\/11\/WhatsApp-Image-2025-11-29-at-09.09.12.jpeg 899w\" sizes=\"(max-width:767px) 480px, 576px\" \/><\/div><\/a>\n\t\t\t\t<div class=\"elementor-post__text\">\n\t\t\t\t<h6 class=\"elementor-post__title\">\n\t\t\t<a href=\"https:\/\/www.cardoso.sp.gov.br\/site\/noticia\/caravana-paulo-gustavo-cinesolar-2\/\" >\n\t\t\t\tCARAVANA PAULO GUSTAVO &#8211; CINESOLAR\t\t\t<\/a>\n\t\t<\/h6>\n\t\t\t\t<\/div>\n\t\t\t\t\t<\/div>\n\t\t<\/article>\n\t\t\t\t<article class=\"elementor-post elementor-grid-item post-22311 noticia type-noticia status-publish format-standard has-post-thumbnail hentry categoria-destaque evidencia-home\" role=\"listitem\">\n\t\t\t<div class=\"elementor-post__card\">\n\t\t\t\t<a class=\"elementor-post__thumbnail__link\" href=\"https:\/\/www.cardoso.sp.gov.br\/site\/noticia\/boletim-epidemiologico-da-dengue-cardoso\/\" tabindex=\"-1\" ><div class=\"elementor-post__thumbnail\"><img loading=\"lazy\" decoding=\"async\" width=\"819\" height=\"1024\" src=\"https:\/\/www.cardoso.sp.gov.br\/site\/wp-content\/uploads\/2025\/11\/cardoso-adm-5-819x1024.jpg\" class=\"attachment-large size-large wp-image-22312\" alt=\"\" srcset=\"https:\/\/www.cardoso.sp.gov.br\/site\/wp-content\/uploads\/2025\/11\/cardoso-adm-5-819x1024.jpg 819w, https:\/\/www.cardoso.sp.gov.br\/site\/wp-content\/uploads\/2025\/11\/cardoso-adm-5-240x300.jpg 240w, https:\/\/www.cardoso.sp.gov.br\/site\/wp-content\/uploads\/2025\/11\/cardoso-adm-5-768x960.jpg 768w, https:\/\/www.cardoso.sp.gov.br\/site\/wp-content\/uploads\/2025\/11\/cardoso-adm-5-60x75.jpg 60w, https:\/\/www.cardoso.sp.gov.br\/site\/wp-content\/uploads\/2025\/11\/cardoso-adm-5-480x600.jpg 480w, https:\/\/www.cardoso.sp.gov.br\/site\/wp-content\/uploads\/2025\/11\/cardoso-adm-5.jpg 1080w\" sizes=\"(max-width:767px) 480px, (max-width:819px) 100vw, 819px\" \/><\/div><\/a>\n\t\t\t\t<div class=\"elementor-post__text\">\n\t\t\t\t<h6 class=\"elementor-post__title\">\n\t\t\t<a href=\"https:\/\/www.cardoso.sp.gov.br\/site\/noticia\/boletim-epidemiologico-da-dengue-cardoso\/\" >\n\t\t\t\tBOLETIM EPIDEMIOL\u00d3GICO DA DENGUE &#8211; CARDOSO\t\t\t<\/a>\n\t\t<\/h6>\n\t\t\t\t<\/div>\n\t\t\t\t\t<\/div>\n\t\t<\/article>\n\t\t\t\t<article class=\"elementor-post elementor-grid-item post-22308 noticia type-noticia status-publish format-standard has-post-thumbnail hentry categoria-destaque evidencia-home\" role=\"listitem\">\n\t\t\t<div class=\"elementor-post__card\">\n\t\t\t\t<a class=\"elementor-post__thumbnail__link\" href=\"https:\/\/www.cardoso.sp.gov.br\/site\/noticia\/boletim-covid-19-cardoso\/\" tabindex=\"-1\" ><div class=\"elementor-post__thumbnail\"><img loading=\"lazy\" decoding=\"async\" width=\"819\" height=\"1024\" src=\"https:\/\/www.cardoso.sp.gov.br\/site\/wp-content\/uploads\/2025\/11\/cardoso-adm-7-819x1024.jpg\" class=\"attachment-large size-large wp-image-22309\" alt=\"\" srcset=\"https:\/\/www.cardoso.sp.gov.br\/site\/wp-content\/uploads\/2025\/11\/cardoso-adm-7-819x1024.jpg 819w, https:\/\/www.cardoso.sp.gov.br\/site\/wp-content\/uploads\/2025\/11\/cardoso-adm-7-240x300.jpg 240w, https:\/\/www.cardoso.sp.gov.br\/site\/wp-content\/uploads\/2025\/11\/cardoso-adm-7-768x960.jpg 768w, https:\/\/www.cardoso.sp.gov.br\/site\/wp-content\/uploads\/2025\/11\/cardoso-adm-7-60x75.jpg 60w, https:\/\/www.cardoso.sp.gov.br\/site\/wp-content\/uploads\/2025\/11\/cardoso-adm-7-480x600.jpg 480w, https:\/\/www.cardoso.sp.gov.br\/site\/wp-content\/uploads\/2025\/11\/cardoso-adm-7.jpg 1080w\" sizes=\"(max-width:767px) 480px, (max-width:819px) 100vw, 819px\" \/><\/div><\/a>\n\t\t\t\t<div class=\"elementor-post__text\">\n\t\t\t\t<h6 class=\"elementor-post__title\">\n\t\t\t<a href=\"https:\/\/www.cardoso.sp.gov.br\/site\/noticia\/boletim-covid-19-cardoso\/\" >\n\t\t\t\tBOLETIM COVID-19 &#8211; CARDOSO\t\t\t<\/a>\n\t\t<\/h6>\n\t\t\t\t<\/div>\n\t\t\t\t\t<\/div>\n\t\t<\/article>\n\t\t\t\t<article class=\"elementor-post elementor-grid-item post-22304 noticia type-noticia status-publish format-standard has-post-thumbnail hentry categoria-destaque evidencia-home\" role=\"listitem\">\n\t\t\t<div class=\"elementor-post__card\">\n\t\t\t\t<a class=\"elementor-post__thumbnail__link\" href=\"https:\/\/www.cardoso.sp.gov.br\/site\/noticia\/uma-noite-especial-de-musica-e-emocao-em-cardoso\/\" tabindex=\"-1\" ><div class=\"elementor-post__thumbnail\"><img loading=\"lazy\" decoding=\"async\" width=\"819\" height=\"1024\" src=\"https:\/\/www.cardoso.sp.gov.br\/site\/wp-content\/uploads\/2025\/11\/WhatsApp-Image-2025-11-26-at-11.25.38-819x1024.jpeg\" class=\"attachment-large size-large wp-image-22305\" alt=\"\" srcset=\"https:\/\/www.cardoso.sp.gov.br\/site\/wp-content\/uploads\/2025\/11\/WhatsApp-Image-2025-11-26-at-11.25.38-819x1024.jpeg 819w, https:\/\/www.cardoso.sp.gov.br\/site\/wp-content\/uploads\/2025\/11\/WhatsApp-Image-2025-11-26-at-11.25.38-240x300.jpeg 240w, https:\/\/www.cardoso.sp.gov.br\/site\/wp-content\/uploads\/2025\/11\/WhatsApp-Image-2025-11-26-at-11.25.38-768x960.jpeg 768w, https:\/\/www.cardoso.sp.gov.br\/site\/wp-content\/uploads\/2025\/11\/WhatsApp-Image-2025-11-26-at-11.25.38-60x75.jpeg 60w, https:\/\/www.cardoso.sp.gov.br\/site\/wp-content\/uploads\/2025\/11\/WhatsApp-Image-2025-11-26-at-11.25.38-480x600.jpeg 480w, https:\/\/www.cardoso.sp.gov.br\/site\/wp-content\/uploads\/2025\/11\/WhatsApp-Image-2025-11-26-at-11.25.38.jpeg 1024w\" sizes=\"(max-width:767px) 480px, (max-width:819px) 100vw, 819px\" \/><\/div><\/a>\n\t\t\t\t<div class=\"elementor-post__text\">\n\t\t\t\t<h6 class=\"elementor-post__title\">\n\t\t\t<a href=\"https:\/\/www.cardoso.sp.gov.br\/site\/noticia\/uma-noite-especial-de-musica-e-emocao-em-cardoso\/\" >\n\t\t\t\tUMA NOITE ESPECIAL DE M\u00daSICA E EMO\u00c7\u00c3O EM CARDOSO!\t\t\t<\/a>\n\t\t<\/h6>\n\t\t\t\t<\/div>\n\t\t\t\t\t<\/div>\n\t\t<\/article>\n\t\t\t\t<article class=\"elementor-post elementor-grid-item post-22297 noticia type-noticia status-publish format-standard has-post-thumbnail hentry categoria-destaque evidencia-home\" role=\"listitem\">\n\t\t\t<div class=\"elementor-post__card\">\n\t\t\t\t<a class=\"elementor-post__thumbnail__link\" href=\"https:\/\/www.cardoso.sp.gov.br\/site\/noticia\/vem-ai-o-1o-torneio-municipal-de-truco-de-cardoso\/\" tabindex=\"-1\" ><div class=\"elementor-post__thumbnail\"><img loading=\"lazy\" decoding=\"async\" width=\"819\" height=\"1024\" src=\"https:\/\/www.cardoso.sp.gov.br\/site\/wp-content\/uploads\/2025\/11\/WhatsApp-Image-2025-11-26-at-11.24.35-819x1024.jpeg\" class=\"attachment-large size-large wp-image-22298\" alt=\"\" srcset=\"https:\/\/www.cardoso.sp.gov.br\/site\/wp-content\/uploads\/2025\/11\/WhatsApp-Image-2025-11-26-at-11.24.35-819x1024.jpeg 819w, https:\/\/www.cardoso.sp.gov.br\/site\/wp-content\/uploads\/2025\/11\/WhatsApp-Image-2025-11-26-at-11.24.35-240x300.jpeg 240w, https:\/\/www.cardoso.sp.gov.br\/site\/wp-content\/uploads\/2025\/11\/WhatsApp-Image-2025-11-26-at-11.24.35-768x960.jpeg 768w, https:\/\/www.cardoso.sp.gov.br\/site\/wp-content\/uploads\/2025\/11\/WhatsApp-Image-2025-11-26-at-11.24.35-60x75.jpeg 60w, https:\/\/www.cardoso.sp.gov.br\/site\/wp-content\/uploads\/2025\/11\/WhatsApp-Image-2025-11-26-at-11.24.35-480x600.jpeg 480w, https:\/\/www.cardoso.sp.gov.br\/site\/wp-content\/uploads\/2025\/11\/WhatsApp-Image-2025-11-26-at-11.24.35.jpeg 1024w\" sizes=\"(max-width:767px) 480px, (max-width:819px) 100vw, 819px\" \/><\/div><\/a>\n\t\t\t\t<div class=\"elementor-post__text\">\n\t\t\t\t<h6 class=\"elementor-post__title\">\n\t\t\t<a href=\"https:\/\/www.cardoso.sp.gov.br\/site\/noticia\/vem-ai-o-1o-torneio-municipal-de-truco-de-cardoso\/\" >\n\t\t\t\tVEM A\u00cd O 1\u00ba TORNEIO MUNICIPAL DE TRUCO DE CARDOSO\t\t\t<\/a>\n\t\t<\/h6>\n\t\t\t\t<\/div>\n\t\t\t\t\t<\/div>\n\t\t<\/article>\n\t\t\t\t<article class=\"elementor-post elementor-grid-item post-22295 noticia type-noticia status-publish format-standard has-post-thumbnail hentry categoria-destaque evidencia-home\" role=\"listitem\">\n\t\t\t<div class=\"elementor-post__card\">\n\t\t\t\t<a class=\"elementor-post__thumbnail__link\" href=\"https:\/\/www.cardoso.sp.gov.br\/site\/noticia\/grande-final-copa-vila-urias-2025-oitao\/\" tabindex=\"-1\" ><div class=\"elementor-post__thumbnail\"><img loading=\"lazy\" decoding=\"async\" width=\"858\" height=\"1024\" src=\"https:\/\/www.cardoso.sp.gov.br\/site\/wp-content\/uploads\/2025\/11\/WhatsApp-Image-2025-11-24-at-15.58.05-858x1024.jpeg\" class=\"attachment-large size-large wp-image-22296\" alt=\"\" srcset=\"https:\/\/www.cardoso.sp.gov.br\/site\/wp-content\/uploads\/2025\/11\/WhatsApp-Image-2025-11-24-at-15.58.05-858x1024.jpeg 858w, https:\/\/www.cardoso.sp.gov.br\/site\/wp-content\/uploads\/2025\/11\/WhatsApp-Image-2025-11-24-at-15.58.05-251x300.jpeg 251w, https:\/\/www.cardoso.sp.gov.br\/site\/wp-content\/uploads\/2025\/11\/WhatsApp-Image-2025-11-24-at-15.58.05-768x916.jpeg 768w, https:\/\/www.cardoso.sp.gov.br\/site\/wp-content\/uploads\/2025\/11\/WhatsApp-Image-2025-11-24-at-15.58.05-63x75.jpeg 63w, https:\/\/www.cardoso.sp.gov.br\/site\/wp-content\/uploads\/2025\/11\/WhatsApp-Image-2025-11-24-at-15.58.05-480x573.jpeg 480w, https:\/\/www.cardoso.sp.gov.br\/site\/wp-content\/uploads\/2025\/11\/WhatsApp-Image-2025-11-24-at-15.58.05.jpeg 1073w\" sizes=\"(max-width:767px) 480px, (max-width:858px) 100vw, 858px\" \/><\/div><\/a>\n\t\t\t\t<div class=\"elementor-post__text\">\n\t\t\t\t<h6 class=\"elementor-post__title\">\n\t\t\t<a href=\"https:\/\/www.cardoso.sp.gov.br\/site\/noticia\/grande-final-copa-vila-urias-2025-oitao\/\" >\n\t\t\t\tGRANDE FINAL \u2013 COPA VILA URIAS 2025 (OIT\u00c3O)\t\t\t<\/a>\n\t\t<\/h6>\n\t\t\t\t<\/div>\n\t\t\t\t\t<\/div>\n\t\t<\/article>\n\t\t\t\t<article class=\"elementor-post elementor-grid-item post-22292 noticia type-noticia status-publish format-standard has-post-thumbnail hentry\" role=\"listitem\">\n\t\t\t<div class=\"elementor-post__card\">\n\t\t\t\t<a class=\"elementor-post__thumbnail__link\" href=\"https:\/\/www.cardoso.sp.gov.br\/site\/noticia\/atencao-pais-e-responsaveis\/\" tabindex=\"-1\" ><div class=\"elementor-post__thumbnail\"><img loading=\"lazy\" decoding=\"async\" width=\"819\" height=\"1024\" src=\"https:\/\/www.cardoso.sp.gov.br\/site\/wp-content\/uploads\/2025\/11\/WhatsApp-Image-2025-11-26-at-11.01.18-819x1024.jpeg\" class=\"attachment-large size-large wp-image-22293\" alt=\"\" srcset=\"https:\/\/www.cardoso.sp.gov.br\/site\/wp-content\/uploads\/2025\/11\/WhatsApp-Image-2025-11-26-at-11.01.18-819x1024.jpeg 819w, https:\/\/www.cardoso.sp.gov.br\/site\/wp-content\/uploads\/2025\/11\/WhatsApp-Image-2025-11-26-at-11.01.18-240x300.jpeg 240w, https:\/\/www.cardoso.sp.gov.br\/site\/wp-content\/uploads\/2025\/11\/WhatsApp-Image-2025-11-26-at-11.01.18-768x960.jpeg 768w, https:\/\/www.cardoso.sp.gov.br\/site\/wp-content\/uploads\/2025\/11\/WhatsApp-Image-2025-11-26-at-11.01.18-60x75.jpeg 60w, https:\/\/www.cardoso.sp.gov.br\/site\/wp-content\/uploads\/2025\/11\/WhatsApp-Image-2025-11-26-at-11.01.18-480x600.jpeg 480w, https:\/\/www.cardoso.sp.gov.br\/site\/wp-content\/uploads\/2025\/11\/WhatsApp-Image-2025-11-26-at-11.01.18.jpeg 1080w\" sizes=\"(max-width:767px) 480px, (max-width:819px) 100vw, 819px\" \/><\/div><\/a>\n\t\t\t\t<div class=\"elementor-post__text\">\n\t\t\t\t<h6 class=\"elementor-post__title\">\n\t\t\t<a href=\"https:\/\/www.cardoso.sp.gov.br\/site\/noticia\/atencao-pais-e-responsaveis\/\" >\n\t\t\t\tATEN\u00c7\u00c3O, PAIS E RESPONS\u00c1VEIS!\t\t\t<\/a>\n\t\t<\/h6>\n\t\t\t\t<\/div>\n\t\t\t\t\t<\/div>\n\t\t<\/article>\n\t\t\t\t<article class=\"elementor-post elementor-grid-item post-22290 noticia type-noticia status-publish format-standard has-post-thumbnail hentry categoria-destaque evidencia-home\" role=\"listitem\">\n\t\t\t<div class=\"elementor-post__card\">\n\t\t\t\t<a class=\"elementor-post__thumbnail__link\" href=\"https:\/\/www.cardoso.sp.gov.br\/site\/noticia\/31-de-dezembro-show-da-virada-de-ano-em-cardoso\/\" tabindex=\"-1\" ><div class=\"elementor-post__thumbnail\"><img loading=\"lazy\" decoding=\"async\" width=\"770\" height=\"1024\" src=\"https:\/\/www.cardoso.sp.gov.br\/site\/wp-content\/uploads\/2025\/11\/WhatsApp-Image-2025-11-26-at-09.07.24-770x1024.jpeg\" class=\"attachment-large size-large wp-image-22291\" alt=\"\" srcset=\"https:\/\/www.cardoso.sp.gov.br\/site\/wp-content\/uploads\/2025\/11\/WhatsApp-Image-2025-11-26-at-09.07.24-770x1024.jpeg 770w, https:\/\/www.cardoso.sp.gov.br\/site\/wp-content\/uploads\/2025\/11\/WhatsApp-Image-2025-11-26-at-09.07.24-225x300.jpeg 225w, https:\/\/www.cardoso.sp.gov.br\/site\/wp-content\/uploads\/2025\/11\/WhatsApp-Image-2025-11-26-at-09.07.24-768x1022.jpeg 768w, https:\/\/www.cardoso.sp.gov.br\/site\/wp-content\/uploads\/2025\/11\/WhatsApp-Image-2025-11-26-at-09.07.24-56x75.jpeg 56w, https:\/\/www.cardoso.sp.gov.br\/site\/wp-content\/uploads\/2025\/11\/WhatsApp-Image-2025-11-26-at-09.07.24-480x639.jpeg 480w, https:\/\/www.cardoso.sp.gov.br\/site\/wp-content\/uploads\/2025\/11\/WhatsApp-Image-2025-11-26-at-09.07.24.jpeg 962w\" sizes=\"(max-width:767px) 480px, (max-width:770px) 100vw, 770px\" \/><\/div><\/a>\n\t\t\t\t<div class=\"elementor-post__text\">\n\t\t\t\t<h6 class=\"elementor-post__title\">\n\t\t\t<a href=\"https:\/\/www.cardoso.sp.gov.br\/site\/noticia\/31-de-dezembro-show-da-virada-de-ano-em-cardoso\/\" >\n\t\t\t\t31 DE DEZEMBRO \u2013 SHOW DA VIRADA DE ANO EM CARDOSO!\t\t\t<\/a>\n\t\t<\/h6>\n\t\t\t\t<\/div>\n\t\t\t\t\t<\/div>\n\t\t<\/article>\n\t\t\t\t<article class=\"elementor-post elementor-grid-item post-22287 noticia type-noticia status-publish format-standard has-post-thumbnail hentry categoria-destaque\" role=\"listitem\">\n\t\t\t<div class=\"elementor-post__card\">\n\t\t\t\t<a class=\"elementor-post__thumbnail__link\" href=\"https:\/\/www.cardoso.sp.gov.br\/site\/noticia\/natal-fest-cardoso-2025\/\" tabindex=\"-1\" ><div class=\"elementor-post__thumbnail\"><img loading=\"lazy\" decoding=\"async\" width=\"819\" height=\"1024\" src=\"https:\/\/www.cardoso.sp.gov.br\/site\/wp-content\/uploads\/2025\/11\/WhatsApp-Image-2025-11-26-at-10.53.04-819x1024.jpeg\" class=\"attachment-large size-large wp-image-22288\" alt=\"\" srcset=\"https:\/\/www.cardoso.sp.gov.br\/site\/wp-content\/uploads\/2025\/11\/WhatsApp-Image-2025-11-26-at-10.53.04-819x1024.jpeg 819w, https:\/\/www.cardoso.sp.gov.br\/site\/wp-content\/uploads\/2025\/11\/WhatsApp-Image-2025-11-26-at-10.53.04-240x300.jpeg 240w, https:\/\/www.cardoso.sp.gov.br\/site\/wp-content\/uploads\/2025\/11\/WhatsApp-Image-2025-11-26-at-10.53.04-768x960.jpeg 768w, https:\/\/www.cardoso.sp.gov.br\/site\/wp-content\/uploads\/2025\/11\/WhatsApp-Image-2025-11-26-at-10.53.04-60x75.jpeg 60w, https:\/\/www.cardoso.sp.gov.br\/site\/wp-content\/uploads\/2025\/11\/WhatsApp-Image-2025-11-26-at-10.53.04-480x600.jpeg 480w, https:\/\/www.cardoso.sp.gov.br\/site\/wp-content\/uploads\/2025\/11\/WhatsApp-Image-2025-11-26-at-10.53.04.jpeg 1080w\" sizes=\"(max-width:767px) 480px, (max-width:819px) 100vw, 819px\" \/><\/div><\/a>\n\t\t\t\t<div class=\"elementor-post__text\">\n\t\t\t\t<h6 class=\"elementor-post__title\">\n\t\t\t<a href=\"https:\/\/www.cardoso.sp.gov.br\/site\/noticia\/natal-fest-cardoso-2025\/\" >\n\t\t\t\tNATAL FEST &#8211; CARDOSO 2025\t\t\t<\/a>\n\t\t<\/h6>\n\t\t\t\t<\/div>\n\t\t\t\t\t<\/div>\n\t\t<\/article>\n\t\t\t\t<article class=\"elementor-post elementor-grid-item post-22284 noticia type-noticia status-publish format-standard has-post-thumbnail hentry categoria-destaque categoria-secretaria-de-turismo evidencia-home\" role=\"listitem\">\n\t\t\t<div class=\"elementor-post__card\">\n\t\t\t\t<a class=\"elementor-post__thumbnail__link\" href=\"https:\/\/www.cardoso.sp.gov.br\/site\/noticia\/acender-das-luzes-de-natal-em-cardoso\/\" tabindex=\"-1\" ><div class=\"elementor-post__thumbnail\"><img loading=\"lazy\" decoding=\"async\" width=\"576\" height=\"1024\" src=\"https:\/\/www.cardoso.sp.gov.br\/site\/wp-content\/uploads\/2025\/11\/Natal-1-576x1024.jpeg\" class=\"attachment-large size-large wp-image-22282\" alt=\"\" srcset=\"https:\/\/www.cardoso.sp.gov.br\/site\/wp-content\/uploads\/2025\/11\/Natal-1-576x1024.jpeg 576w, https:\/\/www.cardoso.sp.gov.br\/site\/wp-content\/uploads\/2025\/11\/Natal-1-169x300.jpeg 169w, https:\/\/www.cardoso.sp.gov.br\/site\/wp-content\/uploads\/2025\/11\/Natal-1-768x1365.jpeg 768w, https:\/\/www.cardoso.sp.gov.br\/site\/wp-content\/uploads\/2025\/11\/Natal-1-864x1536.jpeg 864w, https:\/\/www.cardoso.sp.gov.br\/site\/wp-content\/uploads\/2025\/11\/Natal-1-42x75.jpeg 42w, https:\/\/www.cardoso.sp.gov.br\/site\/wp-content\/uploads\/2025\/11\/Natal-1-480x853.jpeg 480w, https:\/\/www.cardoso.sp.gov.br\/site\/wp-content\/uploads\/2025\/11\/Natal-1.jpeg 900w\" sizes=\"(max-width:767px) 480px, 576px\" \/><\/div><\/a>\n\t\t\t\t<div class=\"elementor-post__text\">\n\t\t\t\t<h6 class=\"elementor-post__title\">\n\t\t\t<a href=\"https:\/\/www.cardoso.sp.gov.br\/site\/noticia\/acender-das-luzes-de-natal-em-cardoso\/\" >\n\t\t\t\tACENDER AS LUZES DE NATAL EM CARDOSO\t\t\t<\/a>\n\t\t<\/h6>\n\t\t\t\t<\/div>\n\t\t\t\t\t<\/div>\n\t\t<\/article>\n\t\t\t\t<article class=\"elementor-post elementor-grid-item post-22261 noticia type-noticia status-publish format-standard has-post-thumbnail hentry categoria-destaque evidencia-home\" role=\"listitem\">\n\t\t\t<div class=\"elementor-post__card\">\n\t\t\t\t<a class=\"elementor-post__thumbnail__link\" href=\"https:\/\/www.cardoso.sp.gov.br\/site\/noticia\/shows-gospel-em-cardoso\/\" tabindex=\"-1\" ><div class=\"elementor-post__thumbnail\"><img loading=\"lazy\" decoding=\"async\" width=\"819\" height=\"1024\" src=\"https:\/\/www.cardoso.sp.gov.br\/site\/wp-content\/uploads\/2025\/11\/Show_Gospel-819x1024.jpg\" class=\"attachment-large size-large wp-image-22262\" alt=\"\" srcset=\"https:\/\/www.cardoso.sp.gov.br\/site\/wp-content\/uploads\/2025\/11\/Show_Gospel-819x1024.jpg 819w, https:\/\/www.cardoso.sp.gov.br\/site\/wp-content\/uploads\/2025\/11\/Show_Gospel-240x300.jpg 240w, https:\/\/www.cardoso.sp.gov.br\/site\/wp-content\/uploads\/2025\/11\/Show_Gospel-768x960.jpg 768w, https:\/\/www.cardoso.sp.gov.br\/site\/wp-content\/uploads\/2025\/11\/Show_Gospel-60x75.jpg 60w, https:\/\/www.cardoso.sp.gov.br\/site\/wp-content\/uploads\/2025\/11\/Show_Gospel-480x600.jpg 480w, https:\/\/www.cardoso.sp.gov.br\/site\/wp-content\/uploads\/2025\/11\/Show_Gospel.jpg 1080w\" sizes=\"(max-width:767px) 480px, (max-width:819px) 100vw, 819px\" \/><\/div><\/a>\n\t\t\t\t<div class=\"elementor-post__text\">\n\t\t\t\t<h6 class=\"elementor-post__title\">\n\t\t\t<a href=\"https:\/\/www.cardoso.sp.gov.br\/site\/noticia\/shows-gospel-em-cardoso\/\" >\n\t\t\t\tSHOWS GOSPEL EM CARDOSO\t\t\t<\/a>\n\t\t<\/h6>\n\t\t\t\t<\/div>\n\t\t\t\t\t<\/div>\n\t\t<\/article>\n\t\t\t\t<article class=\"elementor-post elementor-grid-item post-22259 noticia type-noticia status-publish format-standard has-post-thumbnail hentry categoria-destaque evidencia-home\" role=\"listitem\">\n\t\t\t<div class=\"elementor-post__card\">\n\t\t\t\t<a class=\"elementor-post__thumbnail__link\" href=\"https:\/\/www.cardoso.sp.gov.br\/site\/noticia\/prefeitura-de-cardoso-apresenta-plano-de-fortalecimento-do-turismo\/\" tabindex=\"-1\" ><div class=\"elementor-post__thumbnail\"><img loading=\"lazy\" decoding=\"async\" width=\"1024\" height=\"768\" src=\"https:\/\/www.cardoso.sp.gov.br\/site\/wp-content\/uploads\/2025\/11\/reuniaoturismo-1024x768.jpg\" class=\"attachment-large size-large wp-image-22260\" alt=\"\" srcset=\"https:\/\/www.cardoso.sp.gov.br\/site\/wp-content\/uploads\/2025\/11\/reuniaoturismo-1024x768.jpg 1024w, https:\/\/www.cardoso.sp.gov.br\/site\/wp-content\/uploads\/2025\/11\/reuniaoturismo-300x225.jpg 300w, https:\/\/www.cardoso.sp.gov.br\/site\/wp-content\/uploads\/2025\/11\/reuniaoturismo-768x576.jpg 768w, https:\/\/www.cardoso.sp.gov.br\/site\/wp-content\/uploads\/2025\/11\/reuniaoturismo-100x75.jpg 100w, https:\/\/www.cardoso.sp.gov.br\/site\/wp-content\/uploads\/2025\/11\/reuniaoturismo-960x720.jpg 960w, https:\/\/www.cardoso.sp.gov.br\/site\/wp-content\/uploads\/2025\/11\/reuniaoturismo-480x360.jpg 480w, https:\/\/www.cardoso.sp.gov.br\/site\/wp-content\/uploads\/2025\/11\/reuniaoturismo.jpg 1280w\" sizes=\"(max-width:767px) 480px, (max-width:1024px) 100vw, 1024px\" \/><\/div><\/a>\n\t\t\t\t<div class=\"elementor-post__text\">\n\t\t\t\t<h6 class=\"elementor-post__title\">\n\t\t\t<a href=\"https:\/\/www.cardoso.sp.gov.br\/site\/noticia\/prefeitura-de-cardoso-apresenta-plano-de-fortalecimento-do-turismo\/\" >\n\t\t\t\tPREFEITURA DE CARDOSO APRESENTA PLANO DE FORTALECIMENTO DO TURISMO\t\t\t<\/a>\n\t\t<\/h6>\n\t\t\t\t<\/div>\n\t\t\t\t\t<\/div>\n\t\t<\/article>\n\t\t\t\t<article class=\"elementor-post elementor-grid-item post-22254 noticia type-noticia status-publish format-standard has-post-thumbnail hentry categoria-destaque evidencia-home\" role=\"listitem\">\n\t\t\t<div class=\"elementor-post__card\">\n\t\t\t\t<a class=\"elementor-post__thumbnail__link\" href=\"https:\/\/www.cardoso.sp.gov.br\/site\/noticia\/prefeitura-de-cardoso-realiza-obra-de-melhoria-na-avenida-jose-domingues-do-amaral\/\" tabindex=\"-1\" ><div class=\"elementor-post__thumbnail\"><img loading=\"lazy\" decoding=\"async\" width=\"1024\" height=\"769\" src=\"https:\/\/www.cardoso.sp.gov.br\/site\/wp-content\/uploads\/2025\/10\/IMG-20251031-WA0037-1024x769.jpg\" class=\"attachment-large size-large wp-image-22256\" alt=\"\" srcset=\"https:\/\/www.cardoso.sp.gov.br\/site\/wp-content\/uploads\/2025\/10\/IMG-20251031-WA0037-1024x769.jpg 1024w, https:\/\/www.cardoso.sp.gov.br\/site\/wp-content\/uploads\/2025\/10\/IMG-20251031-WA0037-300x225.jpg 300w, https:\/\/www.cardoso.sp.gov.br\/site\/wp-content\/uploads\/2025\/10\/IMG-20251031-WA0037-768x577.jpg 768w, https:\/\/www.cardoso.sp.gov.br\/site\/wp-content\/uploads\/2025\/10\/IMG-20251031-WA0037-100x75.jpg 100w, https:\/\/www.cardoso.sp.gov.br\/site\/wp-content\/uploads\/2025\/10\/IMG-20251031-WA0037-960x720.jpg 960w, https:\/\/www.cardoso.sp.gov.br\/site\/wp-content\/uploads\/2025\/10\/IMG-20251031-WA0037-480x360.jpg 480w, https:\/\/www.cardoso.sp.gov.br\/site\/wp-content\/uploads\/2025\/10\/IMG-20251031-WA0037.jpg 1156w\" sizes=\"(max-width:767px) 480px, (max-width:1024px) 100vw, 1024px\" \/><\/div><\/a>\n\t\t\t\t<div class=\"elementor-post__text\">\n\t\t\t\t<h6 class=\"elementor-post__title\">\n\t\t\t<a href=\"https:\/\/www.cardoso.sp.gov.br\/site\/noticia\/prefeitura-de-cardoso-realiza-obra-de-melhoria-na-avenida-jose-domingues-do-amaral\/\" >\n\t\t\t\tPREFEITURA DE CARDOSO REALIZA OBRA DE MELHORIA NA AVENIDA JOS\u00c9 DOMINGUES DO AMARAL\t\t\t<\/a>\n\t\t<\/h6>\n\t\t\t\t<\/div>\n\t\t\t\t\t<\/div>\n\t\t<\/article>\n\t\t\t\t<article class=\"elementor-post elementor-grid-item post-22238 noticia type-noticia status-publish format-standard has-post-thumbnail hentry categoria-destaque evidencia-home\" role=\"listitem\">\n\t\t\t<div class=\"elementor-post__card\">\n\t\t\t\t<a class=\"elementor-post__thumbnail__link\" href=\"https:\/\/www.cardoso.sp.gov.br\/site\/noticia\/chegou-o-guia-cardoso\/\" tabindex=\"-1\" ><div class=\"elementor-post__thumbnail\"><img loading=\"lazy\" decoding=\"async\" width=\"998\" height=\"998\" src=\"https:\/\/www.cardoso.sp.gov.br\/site\/wp-content\/uploads\/2025\/10\/appguiacardosoqrcode.jpg\" class=\"attachment-large size-large wp-image-22241\" alt=\"\" srcset=\"https:\/\/www.cardoso.sp.gov.br\/site\/wp-content\/uploads\/2025\/10\/appguiacardosoqrcode.jpg 998w, https:\/\/www.cardoso.sp.gov.br\/site\/wp-content\/uploads\/2025\/10\/appguiacardosoqrcode-300x300.jpg 300w, https:\/\/www.cardoso.sp.gov.br\/site\/wp-content\/uploads\/2025\/10\/appguiacardosoqrcode-200x200.jpg 200w, https:\/\/www.cardoso.sp.gov.br\/site\/wp-content\/uploads\/2025\/10\/appguiacardosoqrcode-768x768.jpg 768w, https:\/\/www.cardoso.sp.gov.br\/site\/wp-content\/uploads\/2025\/10\/appguiacardosoqrcode-150x150.jpg 150w, https:\/\/www.cardoso.sp.gov.br\/site\/wp-content\/uploads\/2025\/10\/appguiacardosoqrcode-75x75.jpg 75w, https:\/\/www.cardoso.sp.gov.br\/site\/wp-content\/uploads\/2025\/10\/appguiacardosoqrcode-480x480.jpg 480w\" sizes=\"(max-width:767px) 480px, (max-width:998px) 100vw, 998px\" \/><\/div><\/a>\n\t\t\t\t<div class=\"elementor-post__text\">\n\t\t\t\t<h6 class=\"elementor-post__title\">\n\t\t\t<a href=\"https:\/\/www.cardoso.sp.gov.br\/site\/noticia\/chegou-o-guia-cardoso\/\" >\n\t\t\t\tCHEGOU O GUIA CARDOSO\t\t\t<\/a>\n\t\t<\/h6>\n\t\t\t\t<\/div>\n\t\t\t\t\t<\/div>\n\t\t<\/article>\n\t\t\t\t<article class=\"elementor-post elementor-grid-item post-22165 noticia type-noticia status-publish format-standard has-post-thumbnail hentry categoria-destaque evidencia-home\" role=\"listitem\">\n\t\t\t<div class=\"elementor-post__card\">\n\t\t\t\t<a class=\"elementor-post__thumbnail__link\" href=\"https:\/\/www.cardoso.sp.gov.br\/site\/noticia\/comunicado-sobre-consulta-publica-da-politica-nacional-aldir-blanc-de-cardoso-sp\/\" tabindex=\"-1\" ><div class=\"elementor-post__thumbnail\"><img loading=\"lazy\" decoding=\"async\" width=\"819\" height=\"1024\" src=\"https:\/\/www.cardoso.sp.gov.br\/site\/wp-content\/uploads\/2025\/09\/Imagem-do-WhatsApp-de-2025-09-11-as-13.48.43_1b5d0b2c-819x1024.jpg\" class=\"attachment-large size-large wp-image-22166\" alt=\"\" srcset=\"https:\/\/www.cardoso.sp.gov.br\/site\/wp-content\/uploads\/2025\/09\/Imagem-do-WhatsApp-de-2025-09-11-as-13.48.43_1b5d0b2c-819x1024.jpg 819w, https:\/\/www.cardoso.sp.gov.br\/site\/wp-content\/uploads\/2025\/09\/Imagem-do-WhatsApp-de-2025-09-11-as-13.48.43_1b5d0b2c-240x300.jpg 240w, https:\/\/www.cardoso.sp.gov.br\/site\/wp-content\/uploads\/2025\/09\/Imagem-do-WhatsApp-de-2025-09-11-as-13.48.43_1b5d0b2c-768x960.jpg 768w, https:\/\/www.cardoso.sp.gov.br\/site\/wp-content\/uploads\/2025\/09\/Imagem-do-WhatsApp-de-2025-09-11-as-13.48.43_1b5d0b2c-60x75.jpg 60w, https:\/\/www.cardoso.sp.gov.br\/site\/wp-content\/uploads\/2025\/09\/Imagem-do-WhatsApp-de-2025-09-11-as-13.48.43_1b5d0b2c-480x600.jpg 480w, https:\/\/www.cardoso.sp.gov.br\/site\/wp-content\/uploads\/2025\/09\/Imagem-do-WhatsApp-de-2025-09-11-as-13.48.43_1b5d0b2c.jpg 1080w\" sizes=\"(max-width:767px) 480px, (max-width:819px) 100vw, 819px\" \/><\/div><\/a>\n\t\t\t\t<div class=\"elementor-post__text\">\n\t\t\t\t<h6 class=\"elementor-post__title\">\n\t\t\t<a href=\"https:\/\/www.cardoso.sp.gov.br\/site\/noticia\/comunicado-sobre-consulta-publica-da-politica-nacional-aldir-blanc-de-cardoso-sp\/\" >\n\t\t\t\tCOMUNICADO SOBRE CONSULTA P\u00daBLICA DA  POL\u00cdTICA NACIONAL ALDIR BLANC DE CARDOSO-SP\t\t\t<\/a>\n\t\t<\/h6>\n\t\t\t\t<\/div>\n\t\t\t\t\t<\/div>\n\t\t<\/article>\n\t\t\t\t<article class=\"elementor-post elementor-grid-item post-21101 noticia type-noticia status-publish format-standard has-post-thumbnail hentry categoria-destaque evidencia-home\" role=\"listitem\">\n\t\t\t<div class=\"elementor-post__card\">\n\t\t\t\t<a class=\"elementor-post__thumbnail__link\" href=\"https:\/\/www.cardoso.sp.gov.br\/site\/noticia\/com-recordista-mundial-e-grandes-talentos-cardoso-brilha-no-4o-campeonato-estreantes-de-powerlifting\/\" tabindex=\"-1\" ><div class=\"elementor-post__thumbnail\"><img loading=\"lazy\" decoding=\"async\" width=\"1024\" height=\"683\" src=\"https:\/\/www.cardoso.sp.gov.br\/site\/wp-content\/uploads\/2025\/07\/IMG_0993-1024x683.jpg\" class=\"attachment-large size-large wp-image-21102\" alt=\"\" srcset=\"https:\/\/www.cardoso.sp.gov.br\/site\/wp-content\/uploads\/2025\/07\/IMG_0993-1024x683.jpg 1024w, https:\/\/www.cardoso.sp.gov.br\/site\/wp-content\/uploads\/2025\/07\/IMG_0993-300x200.jpg 300w, https:\/\/www.cardoso.sp.gov.br\/site\/wp-content\/uploads\/2025\/07\/IMG_0993-768x512.jpg 768w, https:\/\/www.cardoso.sp.gov.br\/site\/wp-content\/uploads\/2025\/07\/IMG_0993-1536x1024.jpg 1536w, https:\/\/www.cardoso.sp.gov.br\/site\/wp-content\/uploads\/2025\/07\/IMG_0993-2048x1365.jpg 2048w, https:\/\/www.cardoso.sp.gov.br\/site\/wp-content\/uploads\/2025\/07\/IMG_0993-219x146.jpg 219w, https:\/\/www.cardoso.sp.gov.br\/site\/wp-content\/uploads\/2025\/07\/IMG_0993-50x33.jpg 50w, https:\/\/www.cardoso.sp.gov.br\/site\/wp-content\/uploads\/2025\/07\/IMG_0993-113x75.jpg 113w\" sizes=\"(max-width:767px) 480px, (max-width:1024px) 100vw, 1024px\" \/><\/div><\/a>\n\t\t\t\t<div class=\"elementor-post__text\">\n\t\t\t\t<h6 class=\"elementor-post__title\">\n\t\t\t<a href=\"https:\/\/www.cardoso.sp.gov.br\/site\/noticia\/com-recordista-mundial-e-grandes-talentos-cardoso-brilha-no-4o-campeonato-estreantes-de-powerlifting\/\" >\n\t\t\t\tCOM RECORDISTA MUNDIAL E GRANDES TALENTOS, CARDOSO BRILHA NO 4\u00ba CAMPEONATO ESTREANTES DE POWERLIFTING\t\t\t<\/a>\n\t\t<\/h6>\n\t\t\t\t<\/div>\n\t\t\t\t\t<\/div>\n\t\t<\/article>\n\t\t\t\t<article class=\"elementor-post elementor-grid-item post-20844 noticia type-noticia status-publish format-standard has-post-thumbnail hentry categoria-destaque evidencia-home\" role=\"listitem\">\n\t\t\t<div class=\"elementor-post__card\">\n\t\t\t\t<a class=\"elementor-post__thumbnail__link\" href=\"https:\/\/www.cardoso.sp.gov.br\/site\/noticia\/vacina-na-escola-protecao-com-muito-carinho-e-coragem\/\" tabindex=\"-1\" ><div class=\"elementor-post__thumbnail\"><img loading=\"lazy\" decoding=\"async\" width=\"720\" height=\"960\" src=\"https:\/\/www.cardoso.sp.gov.br\/site\/wp-content\/uploads\/2025\/05\/IMG-20250520-WA0096.jpg\" class=\"attachment-large size-large wp-image-20861\" alt=\"\" srcset=\"https:\/\/www.cardoso.sp.gov.br\/site\/wp-content\/uploads\/2025\/05\/IMG-20250520-WA0096.jpg 720w, https:\/\/www.cardoso.sp.gov.br\/site\/wp-content\/uploads\/2025\/05\/IMG-20250520-WA0096-225x300.jpg 225w, https:\/\/www.cardoso.sp.gov.br\/site\/wp-content\/uploads\/2025\/05\/IMG-20250520-WA0096-110x146.jpg 110w, https:\/\/www.cardoso.sp.gov.br\/site\/wp-content\/uploads\/2025\/05\/IMG-20250520-WA0096-38x50.jpg 38w, https:\/\/www.cardoso.sp.gov.br\/site\/wp-content\/uploads\/2025\/05\/IMG-20250520-WA0096-56x75.jpg 56w\" sizes=\"(max-width:767px) 480px, 720px\" \/><\/div><\/a>\n\t\t\t\t<div class=\"elementor-post__text\">\n\t\t\t\t<h6 class=\"elementor-post__title\">\n\t\t\t<a href=\"https:\/\/www.cardoso.sp.gov.br\/site\/noticia\/vacina-na-escola-protecao-com-muito-carinho-e-coragem\/\" >\n\t\t\t\tVACINA NA ESCOLA: PROTE\u00c7\u00c3O COM MUITO CARINHO E CORAGEM\t\t\t<\/a>\n\t\t<\/h6>\n\t\t\t\t<\/div>\n\t\t\t\t\t<\/div>\n\t\t<\/article>\n\t\t\t\t<\/div>\n\t\t\n\t\t\t\t<div class=\"e-load-more-anchor\" data-page=\"1\" data-max-page=\"35\" data-next-page=\"https:\/\/www.cardoso.sp.gov.br\/site\/wp-json\/wp\/v2\/pages\/17024\/page\/2\/\"><\/div>\n\t\t\t\t<nav class=\"elementor-pagination\" aria-label=\"Pagination\">\n\t\t\t<span class=\"page-numbers prev\">&laquo; Anterior<\/span>\n<span aria-current=\"page\" class=\"page-numbers current\"><span class=\"elementor-screen-only\">Page<\/span>1<\/span>\n<a class=\"page-numbers\" href=\"https:\/\/www.cardoso.sp.gov.br\/site\/wp-json\/wp\/v2\/pages\/17024\/page\/2\/\"><span class=\"elementor-screen-only\">Page<\/span>2<\/a>\n<a class=\"page-numbers\" href=\"https:\/\/www.cardoso.sp.gov.br\/site\/wp-json\/wp\/v2\/pages\/17024\/page\/3\/\"><span class=\"elementor-screen-only\">Page<\/span>3<\/a>\n<a class=\"page-numbers\" href=\"https:\/\/www.cardoso.sp.gov.br\/site\/wp-json\/wp\/v2\/pages\/17024\/page\/4\/\"><span class=\"elementor-screen-only\">Page<\/span>4<\/a>\n<a class=\"page-numbers\" href=\"https:\/\/www.cardoso.sp.gov.br\/site\/wp-json\/wp\/v2\/pages\/17024\/page\/5\/\"><span class=\"elementor-screen-only\">Page<\/span>5<\/a>\n<a class=\"page-numbers next\" href=\"https:\/\/www.cardoso.sp.gov.br\/site\/wp-json\/wp\/v2\/pages\/17024\/page\/2\/\">Pr\u00f3ximo &raquo;<\/a>\t\t<\/nav>\n\t\t\t\t\t\t<\/div>\n\t\t\t\t<\/div>\n\t\t\t\t\t<\/div>\n\t\t<\/div>\n\t\t\t\t\t<\/div>\n\t\t<\/section>\n\t\t\t\t<\/div>\n\t\t<div class=\"gsp_post_data\" data-post_type=\"noticia\" data-cat=\"\" data-modified=\"120\" data-title=\"VACINA NA ESCOLA: PROTE\u00c7\u00c3O COM MUITO CARINHO E CORAGEM\" data-home=\"https:\/\/www.cardoso.sp.gov.br\/site\"><\/div>","protected":false},"excerpt":{"rendered":"","protected":false},"author":1,"featured_media":0,"parent":0,"menu_order":0,"comment_status":"closed","ping_status":"closed","template":"","meta":{"footnotes":""},"class_list":["post-17024","page","type-page","status-publish","hentry"],"_links":{"self":[{"href":"https:\/\/www.cardoso.sp.gov.br\/site\/wp-json\/wp\/v2\/pages\/17024","targetHints":{"allow":["GET"]}}],"collection":[{"href":"https:\/\/www.cardoso.sp.gov.br\/site\/wp-json\/wp\/v2\/pages"}],"about":[{"href":"https:\/\/www.cardoso.sp.gov.br\/site\/wp-json\/wp\/v2\/types\/page"}],"author":[{"embeddable":true,"href":"https:\/\/www.cardoso.sp.gov.br\/site\/wp-json\/wp\/v2\/users\/1"}],"replies":[{"embeddable":true,"href":"https:\/\/www.cardoso.sp.gov.br\/site\/wp-json\/wp\/v2\/comments?post=17024"}],"version-history":[{"count":0,"href":"https:\/\/www.cardoso.sp.gov.br\/site\/wp-json\/wp\/v2\/pages\/17024\/revisions"}],"wp:attachment":[{"href":"https:\/\/www.cardoso.sp.gov.br\/site\/wp-json\/wp\/v2\/media?parent=17024"}],"curies":[{"name":"wp","href":"https:\/\/api.w.org\/{rel}","templated":true}]}}